{"id":3214,"date":"2015-11-09T20:12:06","date_gmt":"2015-11-09T20:12:06","guid":{"rendered":"https:\/\/www.feuerundstein.com\/sauna\/"},"modified":"2018-06-21T07:53:03","modified_gmt":"2018-06-21T07:53:03","slug":"sauna","status":"publish","type":"page","link":"https:\/\/www.feuerundstein.com\/fr\/sauna\/","title":{"rendered":"Sauna"},"content":{"rendered":"<section  class='av_textblock_section av-2apd7s-1c4942eddd558ee90ad3d978e19293d2 '   itemscope=\"itemscope\" itemtype=\"https:\/\/schema.org\/CreativeWork\" ><div class='avia_textblock'  itemprop=\"text\" ><p>Bienvenue dans le monde des sauna\u00a0<a href=\"http:\/\/www.tylo.de\/\" target=\"_blank\" rel=\"noopener\">Tyl\u00f6<\/a>.<\/p>\n<p>Les saunas Tyl\u00f6 d&rsquo;Illertissen fabriquent le sauna de votre choix. Notre volont\u00e9 est de construire pour vous le meilleur sauna ou la meilleure cabine infrarouge possible.<\/p>\n<p>Un sauna est un investissement pour am\u00e9liorer la qualit\u00e9 de vie. Vous aurez plus de facilit\u00e9 \u00e0 r\u00e9sister aux probl\u00e9matiques quotidiennes si vous vous offrez des moments d\u00e9tente. Pour celles et ceux qui n&rsquo;aiment pas sp\u00e9cialement la solitude ils peuvent aussi partager ce plaisir avec leurs amis et leur famille.<\/p>\n<p>Avec nos saunas Tyl\u00f6, nous vous offrons une qualit\u00e9 su\u00e9doise, une construction fiable et une large s\u00e9lection de saunas qu\u2019il est possible de personnaliser, des cabines infrarouges ou de saunas, ainsi que les mat\u00e9riaux pour construire votre propre sauna.<\/p>\n<p>L&rsquo;achat d&rsquo;un sauna pr\u00e9fabriqu\u00e9 est non seulement le moyen le plus simple et le plus rapide, mais c&rsquo;est aussi la solution la plus intelligente et la plus s\u00fbre, car notre fournisseur Tyl\u00f6 a des d\u00e9cennies d&rsquo;exp\u00e9rience dans le d\u00e9veloppement de saunas. Cette exp\u00e9rience devient tr\u00e8s importante lorsque deux extr\u00eames tel que la chaleur tr\u00e8s s\u00e8che jusqu&rsquo;\u00e0 100 degr\u00e9s Celsius et la vapeur (65% d\u2019humidit\u00e9) se rencontrent dans un petit espace.<\/p>\n<p>La gamme de saunas Tyl\u00f6 est compl\u00e8te et r\u00e9pond \u00e0 toutes vos exigences, celle-ci va des saunas standards aux objets luxueux et sur mesure.<br \/>\nTyl\u00f6 produit et vend des produits de qualit\u00e9 dans les secteurs de saunas, de douches \u00e0 vapeur et de cabines \u00e0 vapeur. Tyl\u00f6 a son propre d\u00e9partement de d\u00e9veloppement et fabrique les composants, et tout est produit et assembl\u00e9 sous un m\u00eame toit \u00e0 Halmstad, en Su\u00e8de<\/p>\n<\/div><\/section>\n\n<style type=\"text\/css\" data-created_by=\"avia_inline_auto\" id=\"style-css-av-863zo-48fdaece4817d2bd87f0cea919305d1e\">\n.flex_column.av-863zo-48fdaece4817d2bd87f0cea919305d1e{\nborder-radius:0px 0px 0px 0px;\npadding:0px 0px 0px 0px;\n}\n<\/style>\n<div  class='flex_column av-863zo-48fdaece4817d2bd87f0cea919305d1e av_one_full  avia-builder-el-1  el_after_av_textblock  avia-builder-el-last  first flex_column_div av-zero-column-padding  column-top-margin'     ><div id='av-masonry-1' class='av-masonry av-jibma62s-7230f9d846114e8be6fc7daefbf4b7b0 noHover av-fixed-size av-large-gap av-hover-overlay-active av-masonry-animation-active av-masonry-col-2 av-caption-always av-caption-style- av-masonry-entries ' data-post_id=\"3214\"><div class='av-masonry-sort main_color av-sort-yes' data-masonry-id='1' ><div class='av-sort-by-term  ' data-av-allowed-sort='[\"air-chaud_sort\",\"alfa-pizza-fr_sort\",\"bioclimatics-fr_sort\",\"bioethanol-fr_sort\",\"cheminee-a-bois-et-a-gaz_sort\",\"cheminee-a-gaz_sort\",\"cheminees-poeles_sort\",\"clementi-fr_sort\",\"corradi-pergotenda-fr_sort\",\"faber-fr_sort\",\"focus-fr_sort\",\"focus-kamin-fr_sort\",\"foyer-au-bois_sort\",\"parkett-fr_sort\",\"parkett-und-laminat-fr_sort\",\"pelletofen-fr_sort\",\"pizza-bbq_sort\",\"planika-fr_sort\",\"poele-a-bois_sort\",\"sauna-fr_sort\",\"sonnensegel-fr_sort\",\"speicher-kaminofen-fr_sort\",\"terrasse-fr_sort\",\"vie-en-plein-air_sort\"]' ><a href=\"#\" data-filter=\"all_sort\" class=\"all_sort_button active_sort\"><span class=\"inner_sort_button\"><span>Tout<\/span><small class=\"avia-term-count\"> 56 <\/small><\/span><\/a><span class='text-sep air-chaud_sort_sep avia_show_sort'>\/<\/span><a href=\"#\" data-filter=\"air-chaud_sort\" class=\"air-chaud_sort_button avia_show_sort\" ><span class=\"inner_sort_button\"><span>Air chaud<\/span><small class='avia-term-count'> 3 <\/small><\/span><\/a><span class='text-sep alfa-pizza-fr_sort_sep avia_show_sort'>\/<\/span><a href=\"#\" data-filter=\"alfa-pizza-fr_sort\" class=\"alfa-pizza-fr_sort_button avia_show_sort\" ><span class=\"inner_sort_button\"><span>ALFA PIZZA<\/span><small class='avia-term-count'> 9 <\/small><\/span><\/a><span class='text-sep bioclimatics-fr_sort_sep avia_hide_sort'>\/<\/span><a href=\"#\" data-filter=\"bioclimatics-fr_sort\" class=\"bioclimatics-fr_sort_button avia_hide_sort\" ><span class=\"inner_sort_button\"><span>Bioclimatics<\/span><small class='avia-term-count'> 0 <\/small><\/span><\/a><span class='text-sep bioethanol-fr_sort_sep avia_show_sort'>\/<\/span><a href=\"#\" data-filter=\"bioethanol-fr_sort\" class=\"bioethanol-fr_sort_button avia_show_sort\" ><span class=\"inner_sort_button\"><span>Bioethanol<\/span><small class='avia-term-count'> 5 <\/small><\/span><\/a><span class='text-sep cheminee-a-bois-et-a-gaz_sort_sep avia_show_sort'>\/<\/span><a href=\"#\" data-filter=\"cheminee-a-bois-et-a-gaz_sort\" class=\"cheminee-a-bois-et-a-gaz_sort_button avia_show_sort\" ><span class=\"inner_sort_button\"><span>Chemin\u00e9e \u00e0 bois et \u00e0 gaz<\/span><small class='avia-term-count'> 3 <\/small><\/span><\/a><span class='text-sep cheminee-a-gaz_sort_sep avia_hide_sort'>\/<\/span><a href=\"#\" data-filter=\"cheminee-a-gaz_sort\" class=\"cheminee-a-gaz_sort_button avia_hide_sort\" ><span class=\"inner_sort_button\"><span>Chemin\u00e9e \u00e0 gaz<\/span><small class='avia-term-count'> 0 <\/small><\/span><\/a><span class='text-sep cheminees-poeles_sort_sep avia_show_sort'>\/<\/span><a href=\"#\" data-filter=\"cheminees-poeles_sort\" class=\"cheminees-poeles_sort_button avia_show_sort\" ><span class=\"inner_sort_button\"><span>Chemin\u00e9es\/Po\u00eales<\/span><small class='avia-term-count'> 8 <\/small><\/span><\/a><span class='text-sep clementi-fr_sort_sep avia_show_sort'>\/<\/span><a href=\"#\" data-filter=\"clementi-fr_sort\" class=\"clementi-fr_sort_button avia_show_sort\" ><span class=\"inner_sort_button\"><span>CLEMENTI<\/span><small class='avia-term-count'> 6 <\/small><\/span><\/a><span class='text-sep corradi-pergotenda-fr_sort_sep avia_hide_sort'>\/<\/span><a href=\"#\" data-filter=\"corradi-pergotenda-fr_sort\" class=\"corradi-pergotenda-fr_sort_button avia_hide_sort\" ><span class=\"inner_sort_button\"><span>Corradi Pergotenda\u00ae<\/span><small class='avia-term-count'> 0 <\/small><\/span><\/a><span class='text-sep faber-fr_sort_sep avia_show_sort'>\/<\/span><a href=\"#\" data-filter=\"faber-fr_sort\" class=\"faber-fr_sort_button avia_show_sort\" ><span class=\"inner_sort_button\"><span>Faber<\/span><small class='avia-term-count'> 1 <\/small><\/span><\/a><span class='text-sep focus-fr_sort_sep avia_show_sort'>\/<\/span><a href=\"#\" data-filter=\"focus-fr_sort\" class=\"focus-fr_sort_button avia_show_sort\" ><span class=\"inner_sort_button\"><span>FOCUS<\/span><small class='avia-term-count'> 1 <\/small><\/span><\/a><span class='text-sep focus-kamin-fr_sort_sep avia_show_sort'>\/<\/span><a href=\"#\" data-filter=\"focus-kamin-fr_sort\" class=\"focus-kamin-fr_sort_button avia_show_sort\" ><span class=\"inner_sort_button\"><span>Focus Kamin<\/span><small class='avia-term-count'> 3 <\/small><\/span><\/a><span class='text-sep foyer-au-bois_sort_sep avia_show_sort'>\/<\/span><a href=\"#\" data-filter=\"foyer-au-bois_sort\" class=\"foyer-au-bois_sort_button avia_show_sort\" ><span class=\"inner_sort_button\"><span>Foyer au bois<\/span><small class='avia-term-count'> 1 <\/small><\/span><\/a><span class='text-sep parkett-fr_sort_sep avia_show_sort'>\/<\/span><a href=\"#\" data-filter=\"parkett-fr_sort\" class=\"parkett-fr_sort_button avia_show_sort\" ><span class=\"inner_sort_button\"><span>Parkett<\/span><small class='avia-term-count'> 1 <\/small><\/span><\/a><span class='text-sep parkett-und-laminat-fr_sort_sep avia_show_sort'>\/<\/span><a href=\"#\" data-filter=\"parkett-und-laminat-fr_sort\" class=\"parkett-und-laminat-fr_sort_button avia_show_sort\" ><span class=\"inner_sort_button\"><span>Parkett und Laminat<\/span><small class='avia-term-count'> 2 <\/small><\/span><\/a><span class='text-sep pelletofen-fr_sort_sep avia_show_sort'>\/<\/span><a href=\"#\" data-filter=\"pelletofen-fr_sort\" class=\"pelletofen-fr_sort_button avia_show_sort\" ><span class=\"inner_sort_button\"><span>Pelletofen<\/span><small class='avia-term-count'> 1 <\/small><\/span><\/a><span class='text-sep pizza-bbq_sort_sep avia_show_sort'>\/<\/span><a href=\"#\" data-filter=\"pizza-bbq_sort\" class=\"pizza-bbq_sort_button avia_show_sort\" ><span class=\"inner_sort_button\"><span>Pizza\/BBQ<\/span><small class='avia-term-count'> 4 <\/small><\/span><\/a><span class='text-sep planika-fr_sort_sep avia_show_sort'>\/<\/span><a href=\"#\" data-filter=\"planika-fr_sort\" class=\"planika-fr_sort_button avia_show_sort\" ><span class=\"inner_sort_button\"><span>Planika<\/span><small class='avia-term-count'> 5 <\/small><\/span><\/a><span class='text-sep poele-a-bois_sort_sep avia_show_sort'>\/<\/span><a href=\"#\" data-filter=\"poele-a-bois_sort\" class=\"poele-a-bois_sort_button avia_show_sort\" ><span class=\"inner_sort_button\"><span>po\u00eale \u00e0 bois<\/span><small class='avia-term-count'> 4 <\/small><\/span><\/a><span class='text-sep sauna-fr_sort_sep avia_hide_sort'>\/<\/span><a href=\"#\" data-filter=\"sauna-fr_sort\" class=\"sauna-fr_sort_button avia_hide_sort\" ><span class=\"inner_sort_button\"><span>Sauna<\/span><small class='avia-term-count'> 0 <\/small><\/span><\/a><span class='text-sep sonnensegel-fr_sort_sep avia_show_sort'>\/<\/span><a href=\"#\" data-filter=\"sonnensegel-fr_sort\" class=\"sonnensegel-fr_sort_button avia_show_sort\" ><span class=\"inner_sort_button\"><span>Sonnensegel<\/span><small class='avia-term-count'> 5 <\/small><\/span><\/a><span class='text-sep speicher-kaminofen-fr_sort_sep avia_show_sort'>\/<\/span><a href=\"#\" data-filter=\"speicher-kaminofen-fr_sort\" class=\"speicher-kaminofen-fr_sort_button avia_show_sort\" ><span class=\"inner_sort_button\"><span>Speicher Kaminofen<\/span><small class='avia-term-count'> 4 <\/small><\/span><\/a><span class='text-sep terrasse-fr_sort_sep avia_show_sort'>\/<\/span><a href=\"#\" data-filter=\"terrasse-fr_sort\" class=\"terrasse-fr_sort_button avia_show_sort\" ><span class=\"inner_sort_button\"><span>Terrasse<\/span><small class='avia-term-count'> 2 <\/small><\/span><\/a><span class='text-sep vie-en-plein-air_sort_sep avia_hide_sort'>\/<\/span><a href=\"#\" data-filter=\"vie-en-plein-air_sort\" class=\"vie-en-plein-air_sort_button avia_hide_sort\" ><span class=\"inner_sort_button\"><span>vie en plein air<\/span><small class='avia-term-count'> 0 <\/small><\/span><\/a><\/div><\/div><div class=\"av-masonry-container isotope av-js-disabled\"><div class='av-masonry-entry isotope-item av-masonry-item-no-image all_sort cheminees-poeles_sort  air-chaud_sort  poele-a-bois_sort  foyer-au-bois_sort  sonnensegel-fr_sort  clementi-fr_sort  alfa-pizza-fr_sort  focus-fr_sort  pizza-bbq_sort  planika-fr_sort  parkett-fr_sort  faber-fr_sort  bioethanol-fr_sort  focus-kamin-fr_sort  speicher-kaminofen-fr_sort  pelletofen-fr_sort  cheminee-a-bois-et-a-gaz_sort  terrasse-fr_sort  parkett-und-laminat-fr_sort '><\/div><a href=\"https:\/\/www.feuerundstein.com\/fr\/portfolio\/cheminee-electrique\/\"  id='av-masonry-1-item-7638' data-av-masonry-item='7638' class='av-masonry-entry isotope-item post-7638 portfolio type-portfolio status-publish has-post-thumbnail hentry portfolio_entries-cheminees-poeles all_sort cheminees-poeles_sort  av-masonry-item-with-image' title=\"e-MatriX-800_650-III-web-res-8-of-9-1-500&#215;300\"   itemscope=\"itemscope\" itemtype=\"https:\/\/schema.org\/CreativeWork\" ><div class='av-inner-masonry-sizer'><\/div><figure class='av-inner-masonry main_color'><div class=\"av-masonry-outerimage-container\"><div class='av-masonry-image-container' style=\"background-image: url(https:\/\/www.feuerundstein.com\/wp-content\/uploads\/2016\/05\/e-MatriX-800_650-III-web-res-8-of-9-1-500x300.jpg);\"  title=\"e-MatriX-800_650-III-web-res-8-of-9-1-500&#215;300\" ><\/div><\/div><figcaption class='av-inner-masonry-content site-background'><div class='av-inner-masonry-content-pos'><div class='av-inner-masonry-content-pos-content'><div class='avia-arrow'><\/div><h3 class='av-masonry-entry-title entry-title '  itemprop=\"headline\" >Chemin\u00e9e \u00e9lectrique<\/h3><\/div><\/div><\/figcaption><\/figure><\/a><!--end av-masonry entry--><a href=\"https:\/\/www.feuerundstein.com\/fr\/portfolio\/poele-a-air-chaud-a-bois\/\"  id='av-masonry-1-item-7598' data-av-masonry-item='7598' class='av-masonry-entry isotope-item post-7598 portfolio type-portfolio status-publish has-post-thumbnail hentry portfolio_entries-air-chaud portfolio_entries-poele-a-bois all_sort air-chaud_sort  poele-a-bois_sort  av-masonry-item-with-image' title=\"image-01-20\"   itemscope=\"itemscope\" itemtype=\"https:\/\/schema.org\/CreativeWork\" ><div class='av-inner-masonry-sizer'><\/div><figure class='av-inner-masonry main_color'><div class=\"av-masonry-outerimage-container\"><div class='av-masonry-image-container' style=\"background-image: url(https:\/\/www.feuerundstein.com\/wp-content\/uploads\/2018\/06\/image-01-20-705x312.jpg);\"  title=\"image-01-20\" ><\/div><\/div><figcaption class='av-inner-masonry-content site-background'><div class='av-inner-masonry-content-pos'><div class='av-inner-masonry-content-pos-content'><div class='avia-arrow'><\/div><h3 class='av-masonry-entry-title entry-title '  itemprop=\"headline\" >Po\u00eale \u00e0 air chaud \u00e0 bois<\/h3><\/div><\/div><\/figcaption><\/figure><\/a><!--end av-masonry entry--><a href=\"https:\/\/www.feuerundstein.com\/fr\/portfolio\/poele-a-bois-avec-stockage-de-chaleur\/\"  id='av-masonry-1-item-7594' data-av-masonry-item='7594' class='av-masonry-entry isotope-item post-7594 portfolio type-portfolio status-publish has-post-thumbnail hentry portfolio_entries-air-chaud portfolio_entries-foyer-au-bois all_sort air-chaud_sort  foyer-au-bois_sort  av-masonry-item-with-image' title=\"Dexter_Keramik_Slider1\"   itemscope=\"itemscope\" itemtype=\"https:\/\/schema.org\/CreativeWork\" ><div class='av-inner-masonry-sizer'><\/div><figure class='av-inner-masonry main_color'><div class=\"av-masonry-outerimage-container\"><div class='av-masonry-image-container' style=\"background-image: url(https:\/\/www.feuerundstein.com\/wp-content\/uploads\/2018\/07\/Dexter_Keramik_Slider1-705x312.jpg);\"  title=\"Dexter_Keramik_Slider1\" ><\/div><\/div><figcaption class='av-inner-masonry-content site-background'><div class='av-inner-masonry-content-pos'><div class='av-inner-masonry-content-pos-content'><div class='avia-arrow'><\/div><h3 class='av-masonry-entry-title entry-title '  itemprop=\"headline\" >Po\u00eale \u00e0 bois avec stockage de chaleur<\/h3><\/div><\/div><\/figcaption><\/figure><\/a><!--end av-masonry entry--><a href=\"https:\/\/www.feuerundstein.com\/fr\/portfolio\/cheminee-rayonnante\/\"  id='av-masonry-1-item-7590' data-av-masonry-item='7590' class='av-masonry-entry isotope-item post-7590 portfolio type-portfolio status-publish has-post-thumbnail hentry portfolio_entries-air-chaud portfolio_entries-poele-a-bois all_sort air-chaud_sort  poele-a-bois_sort  av-masonry-item-with-image' title=\"NORDPEIS_SALZBURG_1\"   itemscope=\"itemscope\" itemtype=\"https:\/\/schema.org\/CreativeWork\" ><div class='av-inner-masonry-sizer'><\/div><figure class='av-inner-masonry main_color'><div class=\"av-masonry-outerimage-container\"><div class='av-masonry-image-container' style=\"background-image: url(https:\/\/www.feuerundstein.com\/wp-content\/uploads\/2018\/07\/NORDPEIS_SALZBURG_1-705x378.jpg);\"  title=\"NORDPEIS_SALZBURG_1\" ><\/div><\/div><figcaption class='av-inner-masonry-content site-background'><div class='av-inner-masonry-content-pos'><div class='av-inner-masonry-content-pos-content'><div class='avia-arrow'><\/div><h3 class='av-masonry-entry-title entry-title '  itemprop=\"headline\" >Chemin\u00e9e rayonnante<\/h3><\/div><\/div><\/figcaption><\/figure><\/a><!--end av-masonry entry--><a href=\"https:\/\/www.feuerundstein.com\/fr\/portfolio\/soliday\/\"  id='av-masonry-1-item-7558' data-av-masonry-item='7558' class='av-masonry-entry isotope-item post-7558 portfolio type-portfolio status-publish has-post-thumbnail hentry portfolio_entries-sonnensegel-fr all_sort sonnensegel-fr_sort  av-masonry-item-with-image' title=\"Soliday_Privat_Logo__43\"   itemscope=\"itemscope\" itemtype=\"https:\/\/schema.org\/CreativeWork\" ><div class='av-inner-masonry-sizer'><\/div><figure class='av-inner-masonry main_color'><div class=\"av-masonry-outerimage-container\"><div class='av-masonry-image-container' style=\"background-image: url(https:\/\/www.feuerundstein.com\/wp-content\/uploads\/2018\/07\/Soliday_Privat_Logo__43-705x469.jpg);\"  title=\"Soliday_Privat_Logo__43\" ><\/div><\/div><figcaption class='av-inner-masonry-content site-background'><div class='av-inner-masonry-content-pos'><div class='av-inner-masonry-content-pos-content'><div class='avia-arrow'><\/div><h3 class='av-masonry-entry-title entry-title '  itemprop=\"headline\" >Soliday<\/h3><\/div><\/div><\/figcaption><\/figure><\/a><!--end av-masonry entry--><a href=\"https:\/\/www.feuerundstein.com\/fr\/portfolio\/shadesign\/\"  id='av-masonry-1-item-7548' data-av-masonry-item='7548' class='av-masonry-entry isotope-item post-7548 portfolio type-portfolio status-publish has-post-thumbnail hentry portfolio_entries-sonnensegel-fr all_sort sonnensegel-fr_sort  av-masonry-item-with-image' title=\"0531470001444915744\"   itemscope=\"itemscope\" itemtype=\"https:\/\/schema.org\/CreativeWork\" ><div class='av-inner-masonry-sizer'><\/div><figure class='av-inner-masonry main_color'><div class=\"av-masonry-outerimage-container\"><div class='av-masonry-image-container' style=\"background-image: url(https:\/\/www.feuerundstein.com\/wp-content\/uploads\/2018\/07\/0531470001444915744-705x396.jpg);\"  title=\"0531470001444915744\" ><\/div><\/div><figcaption class='av-inner-masonry-content site-background'><div class='av-inner-masonry-content-pos'><div class='av-inner-masonry-content-pos-content'><div class='avia-arrow'><\/div><h3 class='av-masonry-entry-title entry-title '  itemprop=\"headline\" >SHADESIGN<\/h3><\/div><\/div><\/figcaption><\/figure><\/a><!--end av-masonry entry--><a href=\"https:\/\/www.feuerundstein.com\/fr\/portfolio\/fete-de-la-pizza-au-four-a-pizza-en-bois\/\"  id='av-masonry-1-item-7544' data-av-masonry-item='7544' class='av-masonry-entry isotope-item post-7544 portfolio type-portfolio status-publish has-post-thumbnail hentry portfolio_entries-clementi-fr all_sort clementi-fr_sort  av-masonry-item-with-image' title=\"PIZZA PARTY ROUGE\"   itemscope=\"itemscope\" itemtype=\"https:\/\/schema.org\/CreativeWork\" ><div class='av-inner-masonry-sizer'><\/div><figure class='av-inner-masonry main_color'><div class=\"av-masonry-outerimage-container\"><div class='av-masonry-image-container' style=\"background-image: url(https:\/\/www.feuerundstein.com\/wp-content\/uploads\/2018\/10\/PIZZA-PARTY-ROUGE.jpg);\"  title=\"PIZZA PARTY ROUGE\" ><\/div><\/div><figcaption class='av-inner-masonry-content site-background'><div class='av-inner-masonry-content-pos'><div class='av-inner-masonry-content-pos-content'><div class='avia-arrow'><\/div><h3 class='av-masonry-entry-title entry-title '  itemprop=\"headline\" >F\u00eate de la pizza au four \u00e0 pizza en bois<\/h3><\/div><\/div><\/figcaption><\/figure><\/a><!--end av-masonry entry--><a href=\"https:\/\/www.feuerundstein.com\/fr\/portfolio\/pizzaofen-clementi-meneghino\/\"  id='av-masonry-1-item-7539' data-av-masonry-item='7539' class='av-masonry-entry isotope-item post-7539 portfolio type-portfolio status-publish has-post-thumbnail hentry portfolio_entries-clementi-fr all_sort clementi-fr_sort  av-masonry-item-with-image' title=\"Meneghino mit Untergestell\"   itemscope=\"itemscope\" itemtype=\"https:\/\/schema.org\/CreativeWork\" ><div class='av-inner-masonry-sizer'><\/div><figure class='av-inner-masonry main_color'><div class=\"av-masonry-outerimage-container\"><div class='av-masonry-image-container' style=\"background-image: url(https:\/\/www.feuerundstein.com\/wp-content\/uploads\/2018\/10\/Meneghino-mit-Untergestell-510x705.jpg);\"  title=\"Meneghino mit Untergestell\" ><\/div><\/div><figcaption class='av-inner-masonry-content site-background'><div class='av-inner-masonry-content-pos'><div class='av-inner-masonry-content-pos-content'><div class='avia-arrow'><\/div><h3 class='av-masonry-entry-title entry-title '  itemprop=\"headline\" >Pizzaofen Clementi Meneghino<\/h3><\/div><\/div><\/figcaption><\/figure><\/a><!--end av-masonry entry--><a href=\"https:\/\/www.feuerundstein.com\/fr\/portfolio\/four-a-pizza-au-feu-de-bois-clementino\/\"  id='av-masonry-1-item-7522' data-av-masonry-item='7522' class='av-masonry-entry isotope-item post-7522 portfolio type-portfolio status-publish has-post-thumbnail hentry portfolio_entries-clementi-fr all_sort clementi-fr_sort  av-masonry-item-with-image' title=\"Clementino INOX\"   itemscope=\"itemscope\" itemtype=\"https:\/\/schema.org\/CreativeWork\" ><div class='av-inner-masonry-sizer'><\/div><figure class='av-inner-masonry main_color'><div class=\"av-masonry-outerimage-container\"><div class='av-masonry-image-container' style=\"background-image: url(https:\/\/www.feuerundstein.com\/wp-content\/uploads\/2019\/05\/Clementino-INOX.jpg);\"  title=\"Clementino INOX\" ><\/div><\/div><figcaption class='av-inner-masonry-content site-background'><div class='av-inner-masonry-content-pos'><div class='av-inner-masonry-content-pos-content'><div class='avia-arrow'><\/div><h3 class='av-masonry-entry-title entry-title '  itemprop=\"headline\" >Four \u00e0 pizza au feu de bois Clementino<\/h3><\/div><\/div><\/figcaption><\/figure><\/a><!--end av-masonry entry--><a href=\"https:\/\/www.feuerundstein.com\/fr\/portfolio\/sunfurl\/\"  id='av-masonry-1-item-7511' data-av-masonry-item='7511' class='av-masonry-entry isotope-item post-7511 portfolio type-portfolio status-publish has-post-thumbnail hentry portfolio_entries-sonnensegel-fr all_sort sonnensegel-fr_sort  av-masonry-item-with-image' title=\"Bartels_SunFurl_Sonnensegel_Slider_c69f49_01\"   itemscope=\"itemscope\" itemtype=\"https:\/\/schema.org\/CreativeWork\" ><div class='av-inner-masonry-sizer'><\/div><figure class='av-inner-masonry main_color'><div class=\"av-masonry-outerimage-container\"><div class='av-masonry-image-container' style=\"background-image: url(https:\/\/www.feuerundstein.com\/wp-content\/uploads\/2020\/03\/Bartels_SunFurl_Sonnensegel_Slider_c69f49_01-705x322.jpg);\"  title=\"Bartels_SunFurl_Sonnensegel_Slider_c69f49_01\" ><\/div><\/div><figcaption class='av-inner-masonry-content site-background'><div class='av-inner-masonry-content-pos'><div class='av-inner-masonry-content-pos-content'><div class='avia-arrow'><\/div><h3 class='av-masonry-entry-title entry-title '  itemprop=\"headline\" >SunFurl<\/h3><\/div><\/div><\/figcaption><\/figure><\/a><!--end av-masonry entry--><a href=\"https:\/\/www.feuerundstein.com\/fr\/portfolio\/corradi-defense-la-voile-de-la-version-autoportante-parasol\/\"  id='av-masonry-1-item-7505' data-av-masonry-item='7505' class='av-masonry-entry isotope-item post-7505 portfolio type-portfolio status-publish has-post-thumbnail hentry portfolio_entries-sonnensegel-fr all_sort sonnensegel-fr_sort  av-masonry-item-with-image' title=\"Corradi Defense &#8211; La voile de la version autoportante (parasol)\"   itemscope=\"itemscope\" itemtype=\"https:\/\/schema.org\/CreativeWork\" ><div class='av-inner-masonry-sizer'><\/div><figure class='av-inner-masonry main_color'><div class=\"av-masonry-outerimage-container\"><div class='av-masonry-image-container' style=\"background-image: url(https:\/\/www.feuerundstein.com\/wp-content\/uploads\/2020\/03\/v5y8711-large-705x470.jpg);\" ><\/div><\/div><figcaption class='av-inner-masonry-content site-background'><div class='av-inner-masonry-content-pos'><div class='av-inner-masonry-content-pos-content'><div class='avia-arrow'><\/div><h3 class='av-masonry-entry-title entry-title '  itemprop=\"headline\" >Corradi Defense &#8211; La voile de la version autoportante (parasol)<\/h3><\/div><\/div><\/figcaption><\/figure><\/a><!--end av-masonry entry--><a href=\"https:\/\/www.feuerundstein.com\/fr\/portfolio\/pizzaofen-brio\/\"  id='av-masonry-1-item-6741' data-av-masonry-item='6741' class='av-masonry-entry isotope-item post-6741 portfolio type-portfolio status-publish hentry portfolio_entries-alfa-pizza-fr all_sort alfa-pizza-fr_sort  av-masonry-item-no-image' title=\"Pizzaofen BRIO\"   itemscope=\"itemscope\" itemtype=\"https:\/\/schema.org\/CreativeWork\" ><div class='av-inner-masonry-sizer'><\/div><figure class='av-inner-masonry main_color'><figcaption class='av-inner-masonry-content site-background'><div class='av-inner-masonry-content-pos'><div class='av-inner-masonry-content-pos-content'><div class='avia-arrow'><\/div><h3 class='av-masonry-entry-title entry-title '  itemprop=\"headline\" >Pizzaofen BRIO<\/h3><\/div><\/div><\/figcaption><\/figure><\/a><!--end av-masonry entry--><a href=\"https:\/\/www.feuerundstein.com\/fr\/portfolio\/pizzaofen-stone-oven\/\"  id='av-masonry-1-item-6731' data-av-masonry-item='6731' class='av-masonry-entry isotope-item post-6731 portfolio type-portfolio status-publish hentry portfolio_entries-alfa-pizza-fr all_sort alfa-pizza-fr_sort  av-masonry-item-no-image' title=\"Pizzaofen STONE OVEN\"   itemscope=\"itemscope\" itemtype=\"https:\/\/schema.org\/CreativeWork\" ><div class='av-inner-masonry-sizer'><\/div><figure class='av-inner-masonry main_color'><figcaption class='av-inner-masonry-content site-background'><div class='av-inner-masonry-content-pos'><div class='av-inner-masonry-content-pos-content'><div class='avia-arrow'><\/div><h3 class='av-masonry-entry-title entry-title '  itemprop=\"headline\" >Pizzaofen STONE OVEN<\/h3><\/div><\/div><\/figcaption><\/figure><\/a><!--end av-masonry entry--><a href=\"https:\/\/www.feuerundstein.com\/fr\/portfolio\/clementi-family\/\"  id='av-masonry-1-item-6722' data-av-masonry-item='6722' class='av-masonry-entry isotope-item post-6722 portfolio type-portfolio status-publish hentry portfolio_entries-clementi-fr all_sort clementi-fr_sort  av-masonry-item-no-image' title=\"CLEMENTI FAMILY\"   itemscope=\"itemscope\" itemtype=\"https:\/\/schema.org\/CreativeWork\" ><div class='av-inner-masonry-sizer'><\/div><figure class='av-inner-masonry main_color'><figcaption class='av-inner-masonry-content site-background'><div class='av-inner-masonry-content-pos'><div class='av-inner-masonry-content-pos-content'><div class='avia-arrow'><\/div><h3 class='av-masonry-entry-title entry-title '  itemprop=\"headline\" >CLEMENTI FAMILY<\/h3><\/div><\/div><\/figcaption><\/figure><\/a><!--end av-masonry entry--><a href=\"https:\/\/www.feuerundstein.com\/fr\/portfolio\/clementi-pulcinella\/\"  id='av-masonry-1-item-6650' data-av-masonry-item='6650' class='av-masonry-entry isotope-item post-6650 portfolio type-portfolio status-publish hentry portfolio_entries-clementi-fr all_sort clementi-fr_sort  av-masonry-item-no-image' title=\"CLEMENTI PULCINELLA\"   itemscope=\"itemscope\" itemtype=\"https:\/\/schema.org\/CreativeWork\" ><div class='av-inner-masonry-sizer'><\/div><figure class='av-inner-masonry main_color'><figcaption class='av-inner-masonry-content site-background'><div class='av-inner-masonry-content-pos'><div class='av-inner-masonry-content-pos-content'><div class='avia-arrow'><\/div><h3 class='av-masonry-entry-title entry-title '  itemprop=\"headline\" >CLEMENTI PULCINELLA<\/h3><\/div><\/div><\/figcaption><\/figure><\/a><!--end av-masonry entry--><a href=\"https:\/\/www.feuerundstein.com\/fr\/portfolio\/clementi-family-stone\/\"  id='av-masonry-1-item-6641' data-av-masonry-item='6641' class='av-masonry-entry isotope-item post-6641 portfolio type-portfolio status-publish hentry portfolio_entries-clementi-fr all_sort clementi-fr_sort  av-masonry-item-no-image' title=\"Clementi Family STONE\"   itemscope=\"itemscope\" itemtype=\"https:\/\/schema.org\/CreativeWork\" ><div class='av-inner-masonry-sizer'><\/div><figure class='av-inner-masonry main_color'><figcaption class='av-inner-masonry-content site-background'><div class='av-inner-masonry-content-pos'><div class='av-inner-masonry-content-pos-content'><div class='avia-arrow'><\/div><h3 class='av-masonry-entry-title entry-title '  itemprop=\"headline\" >Clementi Family STONE<\/h3><\/div><\/div><\/figcaption><\/figure><\/a><!--end av-masonry entry--><a href=\"https:\/\/www.feuerundstein.com\/fr\/portfolio\/focus-kamin\/\"  id='av-masonry-1-item-3251' data-av-masonry-item='3251' class='av-masonry-entry isotope-item post-3251 portfolio type-portfolio status-publish has-post-thumbnail hentry portfolio_entries-cheminees-poeles all_sort cheminees-poeles_sort  av-masonry-item-with-image' title=\"cheminee-contemporaine-gyro-allemand-45\"   itemscope=\"itemscope\" itemtype=\"https:\/\/schema.org\/CreativeWork\" ><div class='av-inner-masonry-sizer'><\/div><figure class='av-inner-masonry main_color'><div class=\"av-masonry-outerimage-container\"><div class='av-masonry-image-container' style=\"background-image: url(https:\/\/www.feuerundstein.com\/wp-content\/uploads\/2015\/11\/cheminee-contemporaine-gyro-allemand-45-397x705.jpg);\"  title=\"cheminee-contemporaine-gyro-allemand-45\" ><\/div><\/div><figcaption class='av-inner-masonry-content site-background'><div class='av-inner-masonry-content-pos'><div class='av-inner-masonry-content-pos-content'><div class='avia-arrow'><\/div><h3 class='av-masonry-entry-title entry-title '  itemprop=\"headline\" >Focus Kamin<\/h3><\/div><\/div><\/figcaption><\/figure><\/a><!--end av-masonry entry--><a href=\"https:\/\/www.feuerundstein.com\/fr\/portfolio\/focus\/\"  id='av-masonry-1-item-3253' data-av-masonry-item='3253' class='av-masonry-entry isotope-item post-3253 portfolio type-portfolio status-publish has-post-thumbnail hentry portfolio_entries-focus-fr portfolio_entries-pizza-bbq all_sort focus-fr_sort  pizza-bbq_sort  av-masonry-item-with-image' title=\"focus-grill\"   itemscope=\"itemscope\" itemtype=\"https:\/\/schema.org\/CreativeWork\" ><div class='av-inner-masonry-sizer'><\/div><figure class='av-inner-masonry main_color'><div class=\"av-masonry-outerimage-container\"><div class='av-masonry-image-container' style=\"background-image: url(https:\/\/www.feuerundstein.com\/wp-content\/uploads\/2016\/09\/FOCUS-GRILL.jpg);\"  title=\"focus-grill\" ><\/div><\/div><figcaption class='av-inner-masonry-content site-background'><div class='av-inner-masonry-content-pos'><div class='av-inner-masonry-content-pos-content'><div class='avia-arrow'><\/div><h3 class='av-masonry-entry-title entry-title '  itemprop=\"headline\" >Barbecues et chemin\u00e9es ext\u00e9rieures FOCUS<\/h3><\/div><\/div><\/figcaption><\/figure><\/a><!--end av-masonry entry--><a href=\"https:\/\/www.feuerundstein.com\/fr\/portfolio\/clementi\/\"  id='av-masonry-1-item-3223' data-av-masonry-item='3223' class='av-masonry-entry isotope-item post-3223 portfolio type-portfolio status-publish has-post-thumbnail hentry portfolio_entries-pizza-bbq all_sort pizza-bbq_sort  av-masonry-item-with-image' title=\"LOGO A4\"   itemscope=\"itemscope\" itemtype=\"https:\/\/schema.org\/CreativeWork\" ><div class='av-inner-masonry-sizer'><\/div><figure class='av-inner-masonry main_color'><div class=\"av-masonry-outerimage-container\"><div class='av-masonry-image-container' style=\"background-image: url(https:\/\/www.feuerundstein.com\/wp-content\/uploads\/2016\/09\/LOGO-A4.jpg);\"  title=\"LOGO A4\" ><\/div><\/div><figcaption class='av-inner-masonry-content site-background'><div class='av-inner-masonry-content-pos'><div class='av-inner-masonry-content-pos-content'><div class='avia-arrow'><\/div><h3 class='av-masonry-entry-title entry-title '  itemprop=\"headline\" >CLEMENTI<\/h3><\/div><\/div><\/figcaption><\/figure><\/a><!--end av-masonry entry--><a href=\"https:\/\/www.feuerundstein.com\/fr\/portfolio\/alfa-pizza\/\"  id='av-masonry-1-item-3191' data-av-masonry-item='3191' class='av-masonry-entry isotope-item post-3191 portfolio type-portfolio status-publish has-post-thumbnail hentry portfolio_entries-alfa-pizza-fr portfolio_entries-pizza-bbq all_sort alfa-pizza-fr_sort  pizza-bbq_sort  av-masonry-item-with-image' title=\"alfa-facebook\"   itemscope=\"itemscope\" itemtype=\"https:\/\/schema.org\/CreativeWork\" ><div class='av-inner-masonry-sizer'><\/div><figure class='av-inner-masonry main_color'><div class=\"av-masonry-outerimage-container\"><div class='av-masonry-image-container' style=\"background-image: url(https:\/\/www.feuerundstein.com\/wp-content\/uploads\/2016\/08\/alfa-facebook.jpg);\"  title=\"alfa-facebook\" ><\/div><\/div><figcaption class='av-inner-masonry-content site-background'><div class='av-inner-masonry-content-pos'><div class='av-inner-masonry-content-pos-content'><div class='avia-arrow'><\/div><h3 class='av-masonry-entry-title entry-title '  itemprop=\"headline\" >ALFA PIZZA<\/h3><\/div><\/div><\/figcaption><\/figure><\/a><!--end av-masonry entry--><a href=\"https:\/\/www.feuerundstein.com\/fr\/portfolio\/chili-fire\/\"  id='av-masonry-1-item-3224' data-av-masonry-item='3224' class='av-masonry-entry isotope-item post-3224 portfolio type-portfolio status-publish hentry portfolio_entries-planika-fr all_sort planika-fr_sort  av-masonry-item-no-image' title=\"Chili Fire\"   itemscope=\"itemscope\" itemtype=\"https:\/\/schema.org\/CreativeWork\" ><div class='av-inner-masonry-sizer'><\/div><figure class='av-inner-masonry main_color'><figcaption class='av-inner-masonry-content site-background'><div class='av-inner-masonry-content-pos'><div class='av-inner-masonry-content-pos-content'><div class='avia-arrow'><\/div><h3 class='av-masonry-entry-title entry-title '  itemprop=\"headline\" >Chili Fire<\/h3><\/div><\/div><\/figcaption><\/figure><\/a><!--end av-masonry entry--><a href=\"https:\/\/www.feuerundstein.com\/fr\/portfolio\/mafi-2\/\"  id='av-masonry-1-item-3235' data-av-masonry-item='3235' class='av-masonry-entry isotope-item post-3235 portfolio type-portfolio status-publish has-post-thumbnail hentry portfolio_entries-parkett-fr all_sort parkett-fr_sort  av-masonry-item-with-image' title=\"mafi\"   itemscope=\"itemscope\" itemtype=\"https:\/\/schema.org\/CreativeWork\" ><div class='av-inner-masonry-sizer'><\/div><figure class='av-inner-masonry main_color'><div class=\"av-masonry-outerimage-container\"><div class='av-masonry-image-container' style=\"background-image: url(https:\/\/www.feuerundstein.com\/wp-content\/uploads\/2016\/08\/mafi.jpg);\"  title=\"mafi\" ><\/div><\/div><figcaption class='av-inner-masonry-content site-background'><div class='av-inner-masonry-content-pos'><div class='av-inner-masonry-content-pos-content'><div class='avia-arrow'><\/div><h3 class='av-masonry-entry-title entry-title '  itemprop=\"headline\" >Mafi : bois naturel et sol en parquet<\/h3><\/div><\/div><\/figcaption><\/figure><\/a><!--end av-masonry entry--><a href=\"https:\/\/www.feuerundstein.com\/fr\/portfolio\/quadra-wall\/\"  id='av-masonry-1-item-3268' data-av-masonry-item='3268' class='av-masonry-entry isotope-item post-3268 portfolio type-portfolio status-publish has-post-thumbnail hentry portfolio_entries-faber-fr all_sort faber-fr_sort  av-masonry-item-with-image' title=\"Ebios_Fire_Quadra_wall\"   itemscope=\"itemscope\" itemtype=\"https:\/\/schema.org\/CreativeWork\" ><div class='av-inner-masonry-sizer'><\/div><figure class='av-inner-masonry main_color'><div class=\"av-masonry-outerimage-container\"><div class='av-masonry-image-container' style=\"background-image: url(https:\/\/www.feuerundstein.com\/wp-content\/uploads\/2016\/05\/Ebios_Fire_Quadra_wall.jpg);\"  title=\"Ebios_Fire_Quadra_wall\" ><\/div><\/div><figcaption class='av-inner-masonry-content site-background'><div class='av-inner-masonry-content-pos'><div class='av-inner-masonry-content-pos-content'><div class='avia-arrow'><\/div><h3 class='av-masonry-entry-title entry-title '  itemprop=\"headline\" >Chemin\u00e9e \u00e9lectrique Faber<\/h3><\/div><\/div><\/figcaption><\/figure><\/a><!--end av-masonry entry--><a href=\"https:\/\/www.feuerundstein.com\/fr\/portfolio\/elipse-z\/\"  id='av-masonry-1-item-3272' data-av-masonry-item='3272' class='av-masonry-entry isotope-item post-3272 portfolio type-portfolio status-publish has-post-thumbnail hentry portfolio_entries-bioethanol-fr portfolio_entries-cheminees-poeles all_sort bioethanol-fr_sort  cheminees-poeles_sort  av-masonry-item-with-image' title=\"ebios-fire-elipse-z-ethanolkamin-ethanolfeuer-tischkmain_FKE-0700_4\"   itemscope=\"itemscope\" itemtype=\"https:\/\/schema.org\/CreativeWork\" ><div class='av-inner-masonry-sizer'><\/div><figure class='av-inner-masonry main_color'><div class=\"av-masonry-outerimage-container\"><div class='av-masonry-image-container' style=\"background-image: url(https:\/\/www.feuerundstein.com\/wp-content\/uploads\/2016\/05\/ebios-fire-elipse-z-ethanolkamin-ethanolfeuer-tischkmain_FKE-0700_4-1.jpg);\"  title=\"ebios-fire-elipse-z-ethanolkamin-ethanolfeuer-tischkmain_FKE-0700_4\" ><\/div><\/div><figcaption class='av-inner-masonry-content site-background'><div class='av-inner-masonry-content-pos'><div class='av-inner-masonry-content-pos-content'><div class='avia-arrow'><\/div><h3 class='av-masonry-entry-title entry-title '  itemprop=\"headline\" >Xaralyn, Syst\u00e8me d&rsquo;incendie propre<\/h3><\/div><\/div><\/figcaption><\/figure><\/a><!--end av-masonry entry--><a href=\"https:\/\/www.feuerundstein.com\/fr\/portfolio\/auvent\/\"  id='av-masonry-1-item-3264' data-av-masonry-item='3264' class='av-masonry-entry isotope-item post-3264 portfolio type-portfolio status-publish hentry portfolio_entries-sonnensegel-fr all_sort sonnensegel-fr_sort  av-masonry-item-no-image' title=\"Voile solaire\"   itemscope=\"itemscope\" itemtype=\"https:\/\/schema.org\/CreativeWork\" ><div class='av-inner-masonry-sizer'><\/div><figure class='av-inner-masonry main_color'><figcaption class='av-inner-masonry-content site-background'><div class='av-inner-masonry-content-pos'><div class='av-inner-masonry-content-pos-content'><div class='avia-arrow'><\/div><h3 class='av-masonry-entry-title entry-title '  itemprop=\"headline\" >Voile solaire<\/h3><\/div><\/div><\/figcaption><\/figure><\/a><!--end av-masonry entry--><a href=\"https:\/\/www.feuerundstein.com\/fr\/portfolio\/four-4-pizze\/\"  id='av-masonry-1-item-3192' data-av-masonry-item='3192' class='av-masonry-entry isotope-item post-3192 portfolio type-portfolio status-publish has-post-thumbnail hentry portfolio_entries-alfa-pizza-fr all_sort alfa-pizza-fr_sort  av-masonry-item-with-image' title=\"4_Pizze_Beschreibung\"   itemscope=\"itemscope\" itemtype=\"https:\/\/schema.org\/CreativeWork\" ><div class='av-inner-masonry-sizer'><\/div><figure class='av-inner-masonry main_color'><div class=\"av-masonry-outerimage-container\"><div class='av-masonry-image-container' style=\"background-image: url(https:\/\/www.feuerundstein.com\/wp-content\/uploads\/2016\/03\/4_Pizze_Beschreibung.png);\"  title=\"4_Pizze_Beschreibung\" ><\/div><\/div><figcaption class='av-inner-masonry-content site-background'><div class='av-inner-masonry-content-pos'><div class='av-inner-masonry-content-pos-content'><div class='avia-arrow'><\/div><h3 class='av-masonry-entry-title entry-title '  itemprop=\"headline\" >Pizzaofen Gas Domo<\/h3><\/div><\/div><\/figcaption><\/figure><\/a><!--end av-masonry entry--><a href=\"https:\/\/www.feuerundstein.com\/fr\/portfolio\/four-5-minuti\/\"  id='av-masonry-1-item-3193' data-av-masonry-item='3193' class='av-masonry-entry isotope-item post-3193 portfolio type-portfolio status-publish has-post-thumbnail hentry portfolio_entries-alfa-pizza-fr all_sort alfa-pizza-fr_sort  av-masonry-item-with-image' title=\"5_Minuti\"   itemscope=\"itemscope\" itemtype=\"https:\/\/schema.org\/CreativeWork\" ><div class='av-inner-masonry-sizer'><\/div><figure class='av-inner-masonry main_color'><div class=\"av-masonry-outerimage-container\"><div class='av-masonry-image-container' style=\"background-image: url(https:\/\/www.feuerundstein.com\/wp-content\/uploads\/2016\/03\/5_Minuti.png);\"  title=\"5_Minuti\" ><\/div><\/div><figcaption class='av-inner-masonry-content site-background'><div class='av-inner-masonry-content-pos'><div class='av-inner-masonry-content-pos-content'><div class='avia-arrow'><\/div><h3 class='av-masonry-entry-title entry-title '  itemprop=\"headline\" >Four \u00e0 pizza au feu de bois 5 minutes<\/h3><\/div><\/div><\/figcaption><\/figure><\/a><!--end av-masonry entry--><a href=\"https:\/\/www.feuerundstein.com\/fr\/portfolio\/four-allegro\/\"  id='av-masonry-1-item-3194' data-av-masonry-item='3194' class='av-masonry-entry isotope-item post-3194 portfolio type-portfolio status-publish has-post-thumbnail hentry portfolio_entries-alfa-pizza-fr all_sort alfa-pizza-fr_sort  av-masonry-item-with-image' title=\"Allergo_Beschreibung\"   itemscope=\"itemscope\" itemtype=\"https:\/\/schema.org\/CreativeWork\" ><div class='av-inner-masonry-sizer'><\/div><figure class='av-inner-masonry main_color'><div class=\"av-masonry-outerimage-container\"><div class='av-masonry-image-container' style=\"background-image: url(https:\/\/www.feuerundstein.com\/wp-content\/uploads\/2016\/03\/Allergo_Beschreibung.png);\"  title=\"Allergo_Beschreibung\" ><\/div><\/div><figcaption class='av-inner-masonry-content site-background'><div class='av-inner-masonry-content-pos'><div class='av-inner-masonry-content-pos-content'><div class='avia-arrow'><\/div><h3 class='av-masonry-entry-title entry-title '  itemprop=\"headline\" >Four \u00e0 pizza \u00e0 bois Allegro<\/h3><\/div><\/div><\/figcaption><\/figure><\/a><!--end av-masonry entry--><a href=\"https:\/\/www.feuerundstein.com\/fr\/portfolio\/four-gusto\/\"  id='av-masonry-1-item-3229' data-av-masonry-item='3229' class='av-masonry-entry isotope-item post-3229 portfolio type-portfolio status-publish has-post-thumbnail hentry portfolio_entries-pizza-bbq all_sort pizza-bbq_sort  av-masonry-item-with-image' title=\"Gusto\"   itemscope=\"itemscope\" itemtype=\"https:\/\/schema.org\/CreativeWork\" ><div class='av-inner-masonry-sizer'><\/div><figure class='av-inner-masonry main_color'><div class=\"av-masonry-outerimage-container\"><div class='av-masonry-image-container' style=\"background-image: url(https:\/\/www.feuerundstein.com\/wp-content\/uploads\/2016\/03\/Gusto.png);\"  title=\"Gusto\" ><\/div><\/div><figcaption class='av-inner-masonry-content site-background'><div class='av-inner-masonry-content-pos'><div class='av-inner-masonry-content-pos-content'><div class='avia-arrow'><\/div><h3 class='av-masonry-entry-title entry-title '  itemprop=\"headline\" >Four Gusto<\/h3><\/div><\/div><\/figcaption><\/figure><\/a><!--end av-masonry entry--><a href=\"https:\/\/www.feuerundstein.com\/fr\/portfolio\/four-fiesta-barbecue\/\"  id='av-masonry-1-item-3231' data-av-masonry-item='3231' class='av-masonry-entry isotope-item post-3231 portfolio type-portfolio status-publish has-post-thumbnail hentry portfolio_entries-alfa-pizza-fr all_sort alfa-pizza-fr_sort  av-masonry-item-with-image' title=\"Fiesta_Barbecue\"   itemscope=\"itemscope\" itemtype=\"https:\/\/schema.org\/CreativeWork\" ><div class='av-inner-masonry-sizer'><\/div><figure class='av-inner-masonry main_color'><div class=\"av-masonry-outerimage-container\"><div class='av-masonry-image-container' style=\"background-image: url(https:\/\/www.feuerundstein.com\/wp-content\/uploads\/2016\/03\/Fiesta_Barbecue.png);\"  title=\"Fiesta_Barbecue\" ><\/div><\/div><figcaption class='av-inner-masonry-content site-background'><div class='av-inner-masonry-content-pos'><div class='av-inner-masonry-content-pos-content'><div class='avia-arrow'><\/div><h3 class='av-masonry-entry-title entry-title '  itemprop=\"headline\" >Four \u00e0 pizza au bois Dolce Vita<\/h3><\/div><\/div><\/figcaption><\/figure><\/a><!--end av-masonry entry--><a href=\"https:\/\/www.feuerundstein.com\/fr\/portfolio\/four-pizza-e-brace\/\"  id='av-masonry-1-item-3228' data-av-masonry-item='3228' class='av-masonry-entry isotope-item post-3228 portfolio type-portfolio status-publish has-post-thumbnail hentry portfolio_entries-alfa-pizza-fr all_sort alfa-pizza-fr_sort  av-masonry-item-with-image' title=\"Pizza_a_Brace\"   itemscope=\"itemscope\" itemtype=\"https:\/\/schema.org\/CreativeWork\" ><div class='av-inner-masonry-sizer'><\/div><figure class='av-inner-masonry main_color'><div class=\"av-masonry-outerimage-container\"><div class='av-masonry-image-container' style=\"background-image: url(https:\/\/www.feuerundstein.com\/wp-content\/uploads\/2016\/03\/Pizza_a_Brace.png);\"  title=\"Pizza_a_Brace\" ><\/div><\/div><figcaption class='av-inner-masonry-content site-background'><div class='av-inner-masonry-content-pos'><div class='av-inner-masonry-content-pos-content'><div class='avia-arrow'><\/div><h3 class='av-masonry-entry-title entry-title '  itemprop=\"headline\" >Four \u00e0 pizza pour 4 pizzas<\/h3><\/div><\/div><\/figcaption><\/figure><\/a><!--end av-masonry entry--><a href=\"https:\/\/www.feuerundstein.com\/fr\/portfolio\/four-ciao\/\"  id='av-masonry-1-item-3234' data-av-masonry-item='3234' class='av-masonry-entry isotope-item post-3234 portfolio type-portfolio status-publish has-post-thumbnail hentry portfolio_entries-alfa-pizza-fr all_sort alfa-pizza-fr_sort  av-masonry-item-with-image' title=\"Ciao\"   itemscope=\"itemscope\" itemtype=\"https:\/\/schema.org\/CreativeWork\" ><div class='av-inner-masonry-sizer'><\/div><figure class='av-inner-masonry main_color'><div class=\"av-masonry-outerimage-container\"><div class='av-masonry-image-container' style=\"background-image: url(https:\/\/www.feuerundstein.com\/wp-content\/uploads\/2016\/03\/Ciao.png);\"  title=\"Ciao\" ><\/div><\/div><figcaption class='av-inner-masonry-content site-background'><div class='av-inner-masonry-content-pos'><div class='av-inner-masonry-content-pos-content'><div class='avia-arrow'><\/div><h3 class='av-masonry-entry-title entry-title '  itemprop=\"headline\" >Four \u00e0 pizza en bois Ciao M<\/h3><\/div><\/div><\/figcaption><\/figure><\/a><!--end av-masonry entry--><a href=\"https:\/\/www.feuerundstein.com\/fr\/portfolio\/slim-focus\/\"  id='av-masonry-1-item-3265' data-av-masonry-item='3265' class='av-masonry-entry isotope-item post-3265 portfolio type-portfolio status-publish has-post-thumbnail hentry portfolio_entries-focus-kamin-fr all_sort focus-kamin-fr_sort  av-masonry-item-with-image' title=\"cheminee-design-centrale-slimfocus-1\"   itemscope=\"itemscope\" itemtype=\"https:\/\/schema.org\/CreativeWork\" ><div class='av-inner-masonry-sizer'><\/div><figure class='av-inner-masonry main_color'><div class=\"av-masonry-outerimage-container\"><div class='av-masonry-image-container' style=\"background-image: url(https:\/\/www.feuerundstein.com\/wp-content\/uploads\/2016\/03\/cheminee-design-centrale-slimfocus-1.jpg);\"  title=\"cheminee-design-centrale-slimfocus-1\" ><\/div><\/div><figcaption class='av-inner-masonry-content site-background'><div class='av-inner-masonry-content-pos'><div class='av-inner-masonry-content-pos-content'><div class='avia-arrow'><\/div><h3 class='av-masonry-entry-title entry-title '  itemprop=\"headline\" >Slim Focus<\/h3><\/div><\/div><\/figcaption><\/figure><\/a><!--end av-masonry entry--><a href=\"https:\/\/www.feuerundstein.com\/fr\/portfolio\/gyro-focus\/\"  id='av-masonry-1-item-3249' data-av-masonry-item='3249' class='av-masonry-entry isotope-item post-3249 portfolio type-portfolio status-publish has-post-thumbnail hentry portfolio_entries-focus-kamin-fr all_sort focus-kamin-fr_sort  av-masonry-item-with-image' title=\"Focus Kamin\"   itemscope=\"itemscope\" itemtype=\"https:\/\/schema.org\/CreativeWork\" ><div class='av-inner-masonry-sizer'><\/div><figure class='av-inner-masonry main_color'><div class=\"av-masonry-outerimage-container\"><div class='av-masonry-image-container' style=\"background-image: url(https:\/\/www.feuerundstein.com\/wp-content\/uploads\/2011\/07\/Focus-Kamin.jpg);\"  title=\"Focus Kamin\" ><\/div><\/div><figcaption class='av-inner-masonry-content site-background'><div class='av-inner-masonry-content-pos'><div class='av-inner-masonry-content-pos-content'><div class='avia-arrow'><\/div><h3 class='av-masonry-entry-title entry-title '  itemprop=\"headline\" >Gyro FOCUS<\/h3><\/div><\/div><\/figcaption><\/figure><\/a><!--end av-masonry entry--><a href=\"https:\/\/www.feuerundstein.com\/fr\/portfolio\/bathysca-focus-hublot\/\"  id='av-masonry-1-item-3227' data-av-masonry-item='3227' class='av-masonry-entry isotope-item post-3227 portfolio type-portfolio status-publish has-post-thumbnail hentry portfolio_entries-focus-kamin-fr all_sort focus-kamin-fr_sort  av-masonry-item-with-image' title=\"cheminee-design-bathyscafocus-hublot-poutre\"   itemscope=\"itemscope\" itemtype=\"https:\/\/schema.org\/CreativeWork\" ><div class='av-inner-masonry-sizer'><\/div><figure class='av-inner-masonry main_color'><div class=\"av-masonry-outerimage-container\"><div class='av-masonry-image-container' style=\"background-image: url(https:\/\/www.feuerundstein.com\/wp-content\/uploads\/2016\/02\/cheminee-design-bathyscafocus-hublot-poutre.jpg);\"  title=\"cheminee-design-bathyscafocus-hublot-poutre\" ><\/div><\/div><figcaption class='av-inner-masonry-content site-background'><div class='av-inner-masonry-content-pos'><div class='av-inner-masonry-content-pos-content'><div class='avia-arrow'><\/div><h3 class='av-masonry-entry-title entry-title '  itemprop=\"headline\" >Bathysca focus Hublot<\/h3><\/div><\/div><\/figcaption><\/figure><\/a><!--end av-masonry entry--><a href=\"https:\/\/www.feuerundstein.com\/fr\/portfolio\/tonwerk-lausen\/\"  id='av-masonry-1-item-3261' data-av-masonry-item='3261' class='av-masonry-entry isotope-item post-3261 portfolio type-portfolio status-publish has-post-thumbnail hentry portfolio_entries-speicher-kaminofen-fr all_sort speicher-kaminofen-fr_sort  av-masonry-item-with-image' title=\"t-neo_tonwerk_lausen_974\"   itemscope=\"itemscope\" itemtype=\"https:\/\/schema.org\/CreativeWork\" ><div class='av-inner-masonry-sizer'><\/div><figure class='av-inner-masonry main_color'><div class=\"av-masonry-outerimage-container\"><div class='av-masonry-image-container' style=\"background-image: url(https:\/\/www.feuerundstein.com\/wp-content\/uploads\/2016\/02\/t-neo_tonwerk_lausen_974.jpg);\"  title=\"t-neo_tonwerk_lausen_974\" ><\/div><\/div><figcaption class='av-inner-masonry-content site-background'><div class='av-inner-masonry-content-pos'><div class='av-inner-masonry-content-pos-content'><div class='avia-arrow'><\/div><h3 class='av-masonry-entry-title entry-title '  itemprop=\"headline\" >Tonwerk Lausen<\/h3><\/div><\/div><\/figcaption><\/figure><\/a><!--end av-masonry entry--><a href=\"https:\/\/www.feuerundstein.com\/fr\/portfolio\/specksteinofen\/\"  id='av-masonry-1-item-3263' data-av-masonry-item='3263' class='av-masonry-entry isotope-item post-3263 portfolio type-portfolio status-publish has-post-thumbnail hentry portfolio_entries-speicher-kaminofen-fr all_sort speicher-kaminofen-fr_sort  av-masonry-item-with-image' title=\"speck_13_487_475\"   itemscope=\"itemscope\" itemtype=\"https:\/\/schema.org\/CreativeWork\" ><div class='av-inner-masonry-sizer'><\/div><figure class='av-inner-masonry main_color'><div class=\"av-masonry-outerimage-container\"><div class='av-masonry-image-container' style=\"background-image: url(https:\/\/www.feuerundstein.com\/wp-content\/uploads\/2016\/02\/speck_13_487_475.jpg);\"  title=\"speck_13_487_475\" ><\/div><\/div><figcaption class='av-inner-masonry-content site-background'><div class='av-inner-masonry-content-pos'><div class='av-inner-masonry-content-pos-content'><div class='avia-arrow'><\/div><h3 class='av-masonry-entry-title entry-title '  itemprop=\"headline\" >Specksteinofen<\/h3><\/div><\/div><\/figcaption><\/figure><\/a><!--end av-masonry entry--><a href=\"https:\/\/www.feuerundstein.com\/fr\/portfolio\/hypokaustenofen\/\"  id='av-masonry-1-item-3246' data-av-masonry-item='3246' class='av-masonry-entry isotope-item post-3246 portfolio type-portfolio status-publish has-post-thumbnail hentry portfolio_entries-speicher-kaminofen-fr all_sort speicher-kaminofen-fr_sort  av-masonry-item-with-image' title=\"hypo_487_4751\"   itemscope=\"itemscope\" itemtype=\"https:\/\/schema.org\/CreativeWork\" ><div class='av-inner-masonry-sizer'><\/div><figure class='av-inner-masonry main_color'><div class=\"av-masonry-outerimage-container\"><div class='av-masonry-image-container' style=\"background-image: url(https:\/\/www.feuerundstein.com\/wp-content\/uploads\/2016\/02\/hypo_487_4751.jpg);\"  title=\"hypo_487_4751\" ><\/div><\/div><figcaption class='av-inner-masonry-content site-background'><div class='av-inner-masonry-content-pos'><div class='av-inner-masonry-content-pos-content'><div class='avia-arrow'><\/div><h3 class='av-masonry-entry-title entry-title '  itemprop=\"headline\" >Hypokaustenofen<\/h3><\/div><\/div><\/figcaption><\/figure><\/a><!--end av-masonry entry--><a href=\"https:\/\/www.feuerundstein.com\/fr\/portfolio\/poele-a-pellets\/\"  id='av-masonry-1-item-3270' data-av-masonry-item='3270' class='av-masonry-entry isotope-item post-3270 portfolio type-portfolio status-publish has-post-thumbnail hentry portfolio_entries-pelletofen-fr all_sort pelletofen-fr_sort  av-masonry-item-with-image' title=\"MCZ_Raam_Z\"   itemscope=\"itemscope\" itemtype=\"https:\/\/schema.org\/CreativeWork\" ><div class='av-inner-masonry-sizer'><\/div><figure class='av-inner-masonry main_color'><div class=\"av-masonry-outerimage-container\"><div class='av-masonry-image-container' style=\"background-image: url(https:\/\/www.feuerundstein.com\/wp-content\/uploads\/2016\/02\/MCZ_Raam_Z-705x477.jpg);\"  title=\"MCZ_Raam_Z\" ><\/div><\/div><figcaption class='av-inner-masonry-content site-background'><div class='av-inner-masonry-content-pos'><div class='av-inner-masonry-content-pos-content'><div class='avia-arrow'><\/div><h3 class='av-masonry-entry-title entry-title '  itemprop=\"headline\" >Po\u00eale \u00e0 pellets<\/h3><\/div><\/div><\/figcaption><\/figure><\/a><!--end av-masonry entry--><a href=\"https:\/\/www.feuerundstein.com\/fr\/portfolio\/kaminofen-holz-wasser\/\"  id='av-masonry-1-item-3257' data-av-masonry-item='3257' class='av-masonry-entry isotope-item post-3257 portfolio type-portfolio status-publish has-post-thumbnail hentry portfolio_entries-poele-a-bois all_sort poele-a-bois_sort  av-masonry-item-with-image' title=\"ROKOSSA IG2 RLU\"   itemscope=\"itemscope\" itemtype=\"https:\/\/schema.org\/CreativeWork\" ><div class='av-inner-masonry-sizer'><\/div><figure class='av-inner-masonry main_color'><div class=\"av-masonry-outerimage-container\"><div class='av-masonry-image-container' style=\"background-image: url(https:\/\/www.feuerundstein.com\/wp-content\/uploads\/2016\/02\/ROKOSSA-IG2-RLU.jpg);\"  title=\"ROKOSSA IG2 RLU\" ><\/div><\/div><figcaption class='av-inner-masonry-content site-background'><div class='av-inner-masonry-content-pos'><div class='av-inner-masonry-content-pos-content'><div class='avia-arrow'><\/div><h3 class='av-masonry-entry-title entry-title '  itemprop=\"headline\" >Chemin\u00e9e contenant de l&rsquo;eau<\/h3><div class='av-masonry-entry-content entry-content'  itemprop=\"text\" >Po\u00eale \u00e0 bois avec \u00e9changeur de chaleur \u00e0 eau int\u00e9gr\u00e9.<br \/>\r\n<br \/>\r\nEn\u2026<\/div><\/div><\/div><\/figcaption><\/figure><\/a><!--end av-masonry entry--><a href=\"https:\/\/www.feuerundstein.com\/fr\/portfolio\/cuisiniere-a-bois\/\"  id='av-masonry-1-item-3269' data-av-masonry-item='3269' class='av-masonry-entry isotope-item post-3269 portfolio type-portfolio status-publish hentry portfolio_entries-cheminees-poeles all_sort cheminees-poeles_sort  av-masonry-item-no-image' title=\"Cuisini\u00e8re \u00e0 bois\"   itemscope=\"itemscope\" itemtype=\"https:\/\/schema.org\/CreativeWork\" ><div class='av-inner-masonry-sizer'><\/div><figure class='av-inner-masonry main_color'><figcaption class='av-inner-masonry-content site-background'><div class='av-inner-masonry-content-pos'><div class='av-inner-masonry-content-pos-content'><div class='avia-arrow'><\/div><h3 class='av-masonry-entry-title entry-title '  itemprop=\"headline\" >Cuisini\u00e8re \u00e0 bois<\/h3><\/div><\/div><\/figcaption><\/figure><\/a><!--end av-masonry entry--><a href=\"https:\/\/www.feuerundstein.com\/fr\/portfolio\/hypocauste\/\"  id='av-masonry-1-item-3247' data-av-masonry-item='3247' class='av-masonry-entry isotope-item post-3247 portfolio type-portfolio status-publish has-post-thumbnail hentry portfolio_entries-cheminee-a-bois-et-a-gaz all_sort cheminee-a-bois-et-a-gaz_sort  av-masonry-item-with-image' title=\"Heizkamin.jpg\"   itemscope=\"itemscope\" itemtype=\"https:\/\/schema.org\/CreativeWork\" ><div class='av-inner-masonry-sizer'><\/div><figure class='av-inner-masonry main_color'><div class=\"av-masonry-outerimage-container\"><div class='av-masonry-image-container' style=\"background-image: url(https:\/\/www.feuerundstein.com\/wp-content\/uploads\/2016\/04\/Heizkamin.jpg.jpg);\"  title=\"Heizkamin.jpg\" ><\/div><\/div><figcaption class='av-inner-masonry-content site-background'><div class='av-inner-masonry-content-pos'><div class='av-inner-masonry-content-pos-content'><div class='avia-arrow'><\/div><h3 class='av-masonry-entry-title entry-title '  itemprop=\"headline\" >Hypocaustes<\/h3><\/div><\/div><\/figcaption><\/figure><\/a><!--end av-masonry entry--><a href=\"https:\/\/www.feuerundstein.com\/fr\/portfolio\/fire-line-automatic-3\/\"  id='av-masonry-1-item-3254' data-av-masonry-item='3254' class='av-masonry-entry isotope-item post-3254 portfolio type-portfolio status-publish hentry portfolio_entries-bioethanol-fr portfolio_entries-planika-fr all_sort bioethanol-fr_sort  planika-fr_sort  av-masonry-item-no-image' title=\"Fire Line Automatic 3\"   itemscope=\"itemscope\" itemtype=\"https:\/\/schema.org\/CreativeWork\" ><div class='av-inner-masonry-sizer'><\/div><figure class='av-inner-masonry main_color'><figcaption class='av-inner-masonry-content site-background'><div class='av-inner-masonry-content-pos'><div class='av-inner-masonry-content-pos-content'><div class='avia-arrow'><\/div><h3 class='av-masonry-entry-title entry-title '  itemprop=\"headline\" >Fire Line Automatic 3<\/h3><div class='av-masonry-entry-content entry-content'  itemprop=\"text\" >Les br\u00fbleurs de bio\u00e9thanol automatiques Fire Line Automatic\u2026<\/div><\/div><\/div><\/figcaption><\/figure><\/a><!--end av-masonry entry--><a href=\"https:\/\/www.feuerundstein.com\/fr\/portfolio\/fire-line-automatic-2\/\"  id='av-masonry-1-item-3220' data-av-masonry-item='3220' class='av-masonry-entry isotope-item post-3220 portfolio type-portfolio status-publish has-post-thumbnail hentry portfolio_entries-bioethanol-fr portfolio_entries-planika-fr all_sort bioethanol-fr_sort  planika-fr_sort  av-masonry-item-with-image' title=\"Fire-Line-Automatic-2-planika\"   itemscope=\"itemscope\" itemtype=\"https:\/\/schema.org\/CreativeWork\" ><div class='av-inner-masonry-sizer'><\/div><figure class='av-inner-masonry main_color'><div class=\"av-masonry-outerimage-container\"><div class='av-masonry-image-container' style=\"background-image: url(https:\/\/www.feuerundstein.com\/wp-content\/uploads\/2016\/01\/Fire-Line-Automatic-2-planika-e1453842132253.jpg);\"  title=\"Fire-Line-Automatic-2-planika\" ><\/div><\/div><figcaption class='av-inner-masonry-content site-background'><div class='av-inner-masonry-content-pos'><div class='av-inner-masonry-content-pos-content'><div class='avia-arrow'><\/div><h3 class='av-masonry-entry-title entry-title '  itemprop=\"headline\" >Fire Line Automatic 2<\/h3><div class='av-masonry-entry-content entry-content'  itemprop=\"text\" >Fire Line Automatic 2<br \/>\r\nLe br\u00fbleur \u00e0 \u00e9thanol automatique 2\u2026<\/div><\/div><\/div><\/figcaption><\/figure><\/a><!--end av-masonry entry--><a href=\"https:\/\/www.feuerundstein.com\/fr\/portfolio\/fanola\/\"  id='av-masonry-1-item-3221' data-av-masonry-item='3221' class='av-masonry-entry isotope-item post-3221 portfolio type-portfolio status-publish has-post-thumbnail hentry portfolio_entries-bioethanol-fr portfolio_entries-planika-fr all_sort bioethanol-fr_sort  planika-fr_sort  av-masonry-item-with-image' title=\"fanola_bioethanol_fuel_12_pk-2\"   itemscope=\"itemscope\" itemtype=\"https:\/\/schema.org\/CreativeWork\" ><div class='av-inner-masonry-sizer'><\/div><figure class='av-inner-masonry main_color'><div class=\"av-masonry-outerimage-container\"><div class='av-masonry-image-container' style=\"background-image: url(https:\/\/www.feuerundstein.com\/wp-content\/uploads\/2016\/01\/fanola_bioethanol_fuel_12_pk-2.jpeg);\"  title=\"fanola_bioethanol_fuel_12_pk-2\" ><\/div><\/div><figcaption class='av-inner-masonry-content site-background'><div class='av-inner-masonry-content-pos'><div class='av-inner-masonry-content-pos-content'><div class='avia-arrow'><\/div><h3 class='av-masonry-entry-title entry-title '  itemprop=\"headline\" >Fanola<\/h3><\/div><\/div><\/figcaption><\/figure><\/a><!--end av-masonry entry--><a href=\"https:\/\/www.feuerundstein.com\/fr\/portfolio\/totem-commerce\/\"  id='av-masonry-1-item-3260' data-av-masonry-item='3260' class='av-masonry-entry isotope-item post-3260 portfolio type-portfolio status-publish has-post-thumbnail hentry portfolio_entries-bioethanol-fr portfolio_entries-planika-fr all_sort bioethanol-fr_sort  planika-fr_sort  av-masonry-item-with-image' title=\"totem-commerce-planika-3\"   itemscope=\"itemscope\" itemtype=\"https:\/\/schema.org\/CreativeWork\" ><div class='av-inner-masonry-sizer'><\/div><figure class='av-inner-masonry main_color'><div class=\"av-masonry-outerimage-container\"><div class='av-masonry-image-container' style=\"background-image: url(https:\/\/www.feuerundstein.com\/wp-content\/uploads\/2016\/01\/totem-commerce-planika-3.jpg);\"  title=\"totem-commerce-planika-3\" ><\/div><\/div><figcaption class='av-inner-masonry-content site-background'><div class='av-inner-masonry-content-pos'><div class='av-inner-masonry-content-pos-content'><div class='avia-arrow'><\/div><h3 class='av-masonry-entry-title entry-title '  itemprop=\"headline\" >Totem Commerce<\/h3><\/div><\/div><\/figcaption><\/figure><\/a><!--end av-masonry entry--><a href=\"https:\/\/www.feuerundstein.com\/fr\/portfolio\/installation-d-air-chaud\/\"  id='av-masonry-1-item-3258' data-av-masonry-item='3258' class='av-masonry-entry isotope-item post-3258 portfolio type-portfolio status-publish has-post-thumbnail hentry portfolio_entries-cheminee-a-bois-et-a-gaz all_sort cheminee-a-bois-et-a-gaz_sort  av-masonry-item-with-image' title=\"Pictofocus Kundenanlage Holz\"   itemscope=\"itemscope\" itemtype=\"https:\/\/schema.org\/CreativeWork\" ><div class='av-inner-masonry-sizer'><\/div><figure class='av-inner-masonry main_color'><div class=\"av-masonry-outerimage-container\"><div class='av-masonry-image-container' style=\"background-image: url(https:\/\/www.feuerundstein.com\/wp-content\/uploads\/2016\/02\/Pictofocus-Kundenanlage-Holz.jpg);\"  title=\"Pictofocus Kundenanlage Holz\" ><\/div><\/div><figcaption class='av-inner-masonry-content site-background'><div class='av-inner-masonry-content-pos'><div class='av-inner-masonry-content-pos-content'><div class='avia-arrow'><\/div><h3 class='av-masonry-entry-title entry-title '  itemprop=\"headline\" >Installation d\u2019air chaud<\/h3><\/div><\/div><\/figcaption><\/figure><\/a><!--end av-masonry entry--><a href=\"https:\/\/www.feuerundstein.com\/fr\/portfolio\/terrasse-en-bois\/\"  id='av-masonry-1-item-3248' data-av-masonry-item='3248' class='av-masonry-entry isotope-item post-3248 portfolio type-portfolio status-publish has-post-thumbnail hentry portfolio_entries-terrasse-fr all_sort terrasse-fr_sort  av-masonry-item-with-image' title=\"zaun_487_4752\"   itemscope=\"itemscope\" itemtype=\"https:\/\/schema.org\/CreativeWork\" ><div class='av-inner-masonry-sizer'><\/div><figure class='av-inner-masonry main_color'><div class=\"av-masonry-outerimage-container\"><div class='av-masonry-image-container' style=\"background-image: url(https:\/\/www.feuerundstein.com\/wp-content\/uploads\/2015\/11\/zaun_487_4752.jpg);\"  title=\"zaun_487_4752\" ><\/div><\/div><figcaption class='av-inner-masonry-content site-background'><div class='av-inner-masonry-content-pos'><div class='av-inner-masonry-content-pos-content'><div class='avia-arrow'><\/div><h3 class='av-masonry-entry-title entry-title '  itemprop=\"headline\" >Terrasse en bois<\/h3><div class='av-masonry-entry-content entry-content'  itemprop=\"text\" >[mp_row]<br \/>\r\n<br \/>\r\n[mp_span col=\"12\"]<br \/>\r\n<br \/>\r\nHolz im Garten muss sehr hohen Anforderungen standhalten. Bisher waren die tropische H\u00f6lzer wie : IPE, Cumaru die beste Wahl, weil sie nicht splittern oder rei\u00dfen und absolut witterungsbest\u00e4ndig sind.<br \/>\r\n<br \/>\r\n[\/mp_span]<br \/>\r\n<br \/>\r\n[\/mp_row]<\/div><\/div><\/div><\/figcaption><\/figure><\/a><!--end av-masonry entry--><a href=\"https:\/\/www.feuerundstein.com\/fr\/portfolio\/terrasse-en-wpc\/\"  id='av-masonry-1-item-3255' data-av-masonry-item='3255' class='av-masonry-entry isotope-item post-3255 portfolio type-portfolio status-publish hentry portfolio_entries-terrasse-fr all_sort terrasse-fr_sort  av-masonry-item-no-image' title=\"Terrasse en WPC\"   itemscope=\"itemscope\" itemtype=\"https:\/\/schema.org\/CreativeWork\" ><div class='av-inner-masonry-sizer'><\/div><figure class='av-inner-masonry main_color'><figcaption class='av-inner-masonry-content site-background'><div class='av-inner-masonry-content-pos'><div class='av-inner-masonry-content-pos-content'><div class='avia-arrow'><\/div><h3 class='av-masonry-entry-title entry-title '  itemprop=\"headline\" >Terrasse en WPC<\/h3><\/div><\/div><\/figcaption><\/figure><\/a><!--end av-masonry entry--><a href=\"https:\/\/www.feuerundstein.com\/fr\/portfolio\/parquet\/\"  id='av-masonry-1-item-3271' data-av-masonry-item='3271' class='av-masonry-entry isotope-item post-3271 portfolio type-portfolio status-publish has-post-thumbnail hentry portfolio_entries-parkett-und-laminat-fr all_sort parkett-und-laminat-fr_sort  av-masonry-item-with-image' title=\"glf_csm_Folie1456__4__208881157a\"   itemscope=\"itemscope\" itemtype=\"https:\/\/schema.org\/CreativeWork\" ><div class='av-inner-masonry-sizer'><\/div><figure class='av-inner-masonry main_color'><div class=\"av-masonry-outerimage-container\"><div class='av-masonry-image-container' style=\"background-image: url(https:\/\/www.feuerundstein.com\/wp-content\/uploads\/2018\/09\/glf_csm_Folie1456__4__208881157a-705x396.jpg);\"  title=\"glf_csm_Folie1456__4__208881157a\" ><\/div><\/div><figcaption class='av-inner-masonry-content site-background'><div class='av-inner-masonry-content-pos'><div class='av-inner-masonry-content-pos-content'><div class='avia-arrow'><\/div><h3 class='av-masonry-entry-title entry-title '  itemprop=\"headline\" >Parquet<\/h3><\/div><\/div><\/figcaption><\/figure><\/a><!--end av-masonry entry--><a href=\"https:\/\/www.feuerundstein.com\/fr\/portfolio\/stratifie\/\"  id='av-masonry-1-item-3243' data-av-masonry-item='3243' class='av-masonry-entry isotope-item post-3243 portfolio type-portfolio status-publish has-post-thumbnail hentry portfolio_entries-parkett-und-laminat-fr all_sort parkett-und-laminat-fr_sort  av-masonry-item-with-image' title=\"esche_md_vu_ng_neu\"   itemscope=\"itemscope\" itemtype=\"https:\/\/schema.org\/CreativeWork\" ><div class='av-inner-masonry-sizer'><\/div><figure class='av-inner-masonry main_color'><div class=\"av-masonry-outerimage-container\"><div class='av-masonry-image-container' style=\"background-image: url(https:\/\/www.feuerundstein.com\/wp-content\/uploads\/2015\/11\/esche_md_vu_ng_neu.jpg);\"  title=\"esche_md_vu_ng_neu\" ><\/div><\/div><figcaption class='av-inner-masonry-content site-background'><div class='av-inner-masonry-content-pos'><div class='av-inner-masonry-content-pos-content'><div class='avia-arrow'><\/div><h3 class='av-masonry-entry-title entry-title '  itemprop=\"headline\" >Stratifi\u00e9<\/h3><\/div><\/div><\/figcaption><\/figure><\/a><!--end av-masonry entry--><a href=\"https:\/\/www.feuerundstein.com\/fr\/portfolio\/poele\/\"  id='av-masonry-1-item-3244' data-av-masonry-item='3244' class='av-masonry-entry isotope-item post-3244 portfolio type-portfolio status-publish has-post-thumbnail hentry portfolio_entries-cheminees-poeles portfolio_entries-poele-a-bois all_sort cheminees-poeles_sort  poele-a-bois_sort  av-masonry-item-with-image' title=\"Cera_Design_Volare\"   itemscope=\"itemscope\" itemtype=\"https:\/\/schema.org\/CreativeWork\" ><div class='av-inner-masonry-sizer'><\/div><figure class='av-inner-masonry main_color'><div class=\"av-masonry-outerimage-container\"><div class='av-masonry-image-container' style=\"background-image: url(https:\/\/www.feuerundstein.com\/wp-content\/uploads\/2015\/11\/Cera_Design_Volare-1-705x348.jpg);\"  title=\"Cera_Design_Volare\" ><\/div><\/div><figcaption class='av-inner-masonry-content site-background'><div class='av-inner-masonry-content-pos'><div class='av-inner-masonry-content-pos-content'><div class='avia-arrow'><\/div><h3 class='av-masonry-entry-title entry-title '  itemprop=\"headline\" >Po\u00eale \u00e0 bois<\/h3><\/div><\/div><\/figcaption><\/figure><\/a><!--end av-masonry entry--><a href=\"https:\/\/www.feuerundstein.com\/fr\/portfolio\/cheminee-a-gaz\/\"  id='av-masonry-1-item-3250' data-av-masonry-item='3250' class='av-masonry-entry isotope-item post-3250 portfolio type-portfolio status-publish has-post-thumbnail hentry portfolio_entries-cheminee-a-bois-et-a-gaz all_sort cheminee-a-bois-et-a-gaz_sort  av-masonry-item-with-image' title=\"gaskamin_mascheroni\"   itemscope=\"itemscope\" itemtype=\"https:\/\/schema.org\/CreativeWork\" ><div class='av-inner-masonry-sizer'><\/div><figure class='av-inner-masonry main_color'><div class=\"av-masonry-outerimage-container\"><div class='av-masonry-image-container' style=\"background-image: url(https:\/\/www.feuerundstein.com\/wp-content\/uploads\/2015\/11\/gaskamin_mascheroni.jpg);\"  title=\"gaskamin_mascheroni\" ><\/div><\/div><figcaption class='av-inner-masonry-content site-background'><div class='av-inner-masonry-content-pos'><div class='av-inner-masonry-content-pos-content'><div class='avia-arrow'><\/div><h3 class='av-masonry-entry-title entry-title '  itemprop=\"headline\" >Chemin\u00e9e \u00e0 gaz<\/h3><\/div><\/div><\/figcaption><\/figure><\/a><!--end av-masonry entry--><a href=\"https:\/\/www.feuerundstein.com\/fr\/portfolio\/poele-a-accumulation\/\"  id='av-masonry-1-item-3262' data-av-masonry-item='3262' class='av-masonry-entry isotope-item post-3262 portfolio type-portfolio status-publish has-post-thumbnail hentry portfolio_entries-cheminees-poeles portfolio_entries-speicher-kaminofen-fr all_sort cheminees-poeles_sort  speicher-kaminofen-fr_sort  av-masonry-item-with-image' title=\"T-SKY_946x386\"   itemscope=\"itemscope\" itemtype=\"https:\/\/schema.org\/CreativeWork\" ><div class='av-inner-masonry-sizer'><\/div><figure class='av-inner-masonry main_color'><div class=\"av-masonry-outerimage-container\"><div class='av-masonry-image-container' style=\"background-image: url(https:\/\/www.feuerundstein.com\/wp-content\/uploads\/2015\/11\/T-SKY_946x386.jpg);\"  title=\"T-SKY_946x386\" ><\/div><\/div><figcaption class='av-inner-masonry-content site-background'><div class='av-inner-masonry-content-pos'><div class='av-inner-masonry-content-pos-content'><div class='avia-arrow'><\/div><h3 class='av-masonry-entry-title entry-title '  itemprop=\"headline\" >Po\u00eale \u00e0 accumulation<\/h3><div class='av-masonry-entry-content entry-content'  itemprop=\"text\" >Po\u00eales \u00e0 accumulation :<br \/>\r\n<br \/>\r\nLe nouveau d\u00e9fi des fabricants\u2026<\/div><\/div><\/div><\/figcaption><\/figure><\/a><!--end av-masonry entry--><a href=\"https:\/\/www.feuerundstein.com\/fr\/portfolio\/cheminee\/\"  id='av-masonry-1-item-3266' data-av-masonry-item='3266' class='av-masonry-entry isotope-item post-3266 portfolio type-portfolio status-publish has-post-thumbnail hentry portfolio_entries-cheminees-poeles all_sort cheminees-poeles_sort  av-masonry-item-with-image' title=\"schornstein_7_487_475\"   itemscope=\"itemscope\" itemtype=\"https:\/\/schema.org\/CreativeWork\" ><div class='av-inner-masonry-sizer'><\/div><figure class='av-inner-masonry main_color'><div class=\"av-masonry-outerimage-container\"><div class='av-masonry-image-container' style=\"background-image: url(https:\/\/www.feuerundstein.com\/wp-content\/uploads\/2015\/11\/schornstein_7_487_475.jpg);\"  title=\"schornstein_7_487_475\" ><\/div><\/div><figcaption class='av-inner-masonry-content site-background'><div class='av-inner-masonry-content-pos'><div class='av-inner-masonry-content-pos-content'><div class='avia-arrow'><\/div><h3 class='av-masonry-entry-title entry-title '  itemprop=\"headline\" >Chemin\u00e9e<\/h3><\/div><\/div><\/figcaption><\/figure><\/a><!--end av-masonry entry--><a href=\"https:\/\/www.feuerundstein.com\/fr\/portfolio\/energies-renouvelables\/\"  id='av-masonry-1-item-3222' data-av-masonry-item='3222' class='av-masonry-entry isotope-item post-3222 portfolio type-portfolio status-publish hentry portfolio_entries-cheminees-poeles all_sort cheminees-poeles_sort  av-masonry-item-no-image' title=\"Energies renouvelables\"   itemscope=\"itemscope\" itemtype=\"https:\/\/schema.org\/CreativeWork\" ><div class='av-inner-masonry-sizer'><\/div><figure class='av-inner-masonry main_color'><figcaption class='av-inner-masonry-content site-background'><div class='av-inner-masonry-content-pos'><div class='av-inner-masonry-content-pos-content'><div class='avia-arrow'><\/div><h3 class='av-masonry-entry-title entry-title '  itemprop=\"headline\" >Energies renouvelables<\/h3><\/div><\/div><\/figcaption><\/figure><\/a><!--end av-masonry entry--><\/div><\/div><\/div>\n","protected":false},"excerpt":{"rendered":"","protected":false},"author":1,"featured_media":0,"parent":0,"menu_order":0,"comment_status":"closed","ping_status":"closed","template":"","meta":{"footnotes":""},"class_list":["post-3214","page","type-page","status-publish","hentry"],"yoast_head":"<!-- This site is optimized with the Yoast SEO plugin v27.5 - https:\/\/yoast.com\/product\/yoast-seo-wordpress\/ -->\n<title>Feuer und Stein installe chez vous votre sauna Tyl\u00f6 \u00e0 Luxembourg et \u00e0 Tr\u00e8ves<\/title>\n<meta name=\"description\" content=\"L&#039;achat d&#039;un sauna pr\u00e9fabriqu\u00e9 est non seulement le moyen le plus simple et le plus rapide, mais c&#039;est aussi la solution la plus intelligente et la plus s\u00fbre pour s&#039;offrir un sauna, car notre fournisseur Tyl\u00f6 a des d\u00e9cennies d&#039;exp\u00e9rience dans le d\u00e9veloppement de saunas.\" \/>\n<meta name=\"robots\" content=\"index, follow, max-snippet:-1, max-image-preview:large, max-video-preview:-1\" \/>\n<link rel=\"canonical\" href=\"https:\/\/www.feuerundstein.com\/fr\/sauna\/\" \/>\n<meta property=\"og:locale\" content=\"fr_FR\" \/>\n<meta property=\"og:type\" content=\"article\" \/>\n<meta property=\"og:title\" content=\"Feuer und Stein installe chez vous votre sauna Tyl\u00f6 \u00e0 Luxembourg et \u00e0 Tr\u00e8ves\" \/>\n<meta property=\"og:description\" content=\"L&#039;achat d&#039;un sauna pr\u00e9fabriqu\u00e9 est non seulement le moyen le plus simple et le plus rapide, mais c&#039;est aussi la solution la plus intelligente et la plus s\u00fbre pour s&#039;offrir un sauna, car notre fournisseur Tyl\u00f6 a des d\u00e9cennies d&#039;exp\u00e9rience dans le d\u00e9veloppement de saunas.\" \/>\n<meta property=\"og:url\" content=\"https:\/\/www.feuerundstein.com\/fr\/sauna\/\" \/>\n<meta property=\"og:site_name\" content=\"Feuer und Stein S\u00e0rl\" \/>\n<meta property=\"article:modified_time\" content=\"2018-06-21T07:53:03+00:00\" \/>\n<meta name=\"twitter:card\" content=\"summary_large_image\" \/>\n<meta name=\"twitter:label1\" content=\"Dur\u00e9e de lecture estim\u00e9e\" \/>\n\t<meta name=\"twitter:data1\" content=\"2 minutes\" \/>\n<script type=\"application\/ld+json\" class=\"yoast-schema-graph\">{\"@context\":\"https:\\\/\\\/schema.org\",\"@graph\":[{\"@type\":\"WebPage\",\"@id\":\"https:\\\/\\\/www.feuerundstein.com\\\/fr\\\/sauna\\\/\",\"url\":\"https:\\\/\\\/www.feuerundstein.com\\\/fr\\\/sauna\\\/\",\"name\":\"Feuer und Stein installe chez vous votre sauna Tyl\u00f6 \u00e0 Luxembourg et \u00e0 Tr\u00e8ves\",\"isPartOf\":{\"@id\":\"https:\\\/\\\/www.feuerundstein.com\\\/#website\"},\"datePublished\":\"2015-11-09T20:12:06+00:00\",\"dateModified\":\"2018-06-21T07:53:03+00:00\",\"description\":\"L'achat d'un sauna pr\u00e9fabriqu\u00e9 est non seulement le moyen le plus simple et le plus rapide, mais c'est aussi la solution la plus intelligente et la plus s\u00fbre pour s'offrir un sauna, car notre fournisseur Tyl\u00f6 a des d\u00e9cennies d'exp\u00e9rience dans le d\u00e9veloppement de saunas.\",\"breadcrumb\":{\"@id\":\"https:\\\/\\\/www.feuerundstein.com\\\/fr\\\/sauna\\\/#breadcrumb\"},\"inLanguage\":\"fr-FR\",\"potentialAction\":[{\"@type\":\"ReadAction\",\"target\":[\"https:\\\/\\\/www.feuerundstein.com\\\/fr\\\/sauna\\\/\"]}]},{\"@type\":\"BreadcrumbList\",\"@id\":\"https:\\\/\\\/www.feuerundstein.com\\\/fr\\\/sauna\\\/#breadcrumb\",\"itemListElement\":[{\"@type\":\"ListItem\",\"position\":1,\"name\":\"Startseite\",\"item\":\"https:\\\/\\\/www.feuerundstein.com\\\/fr\\\/\"},{\"@type\":\"ListItem\",\"position\":2,\"name\":\"Sauna\"}]},{\"@type\":\"WebSite\",\"@id\":\"https:\\\/\\\/www.feuerundstein.com\\\/#website\",\"url\":\"https:\\\/\\\/www.feuerundstein.com\\\/\",\"name\":\"Feuer und Stein S\u00e0rl\",\"description\":\"Fireplace and Wood floor expert\",\"potentialAction\":[{\"@type\":\"SearchAction\",\"target\":{\"@type\":\"EntryPoint\",\"urlTemplate\":\"https:\\\/\\\/www.feuerundstein.com\\\/?s={search_term_string}\"},\"query-input\":{\"@type\":\"PropertyValueSpecification\",\"valueRequired\":true,\"valueName\":\"search_term_string\"}}],\"inLanguage\":\"fr-FR\"}]}<\/script>\n<!-- \/ Yoast SEO plugin. -->","yoast_head_json":{"title":"Feuer und Stein installe chez vous votre sauna Tyl\u00f6 \u00e0 Luxembourg et \u00e0 Tr\u00e8ves","description":"L'achat d'un sauna pr\u00e9fabriqu\u00e9 est non seulement le moyen le plus simple et le plus rapide, mais c'est aussi la solution la plus intelligente et la plus s\u00fbre pour s'offrir un sauna, car notre fournisseur Tyl\u00f6 a des d\u00e9cennies d'exp\u00e9rience dans le d\u00e9veloppement de saunas.","robots":{"index":"index","follow":"follow","max-snippet":"max-snippet:-1","max-image-preview":"max-image-preview:large","max-video-preview":"max-video-preview:-1"},"canonical":"https:\/\/www.feuerundstein.com\/fr\/sauna\/","og_locale":"fr_FR","og_type":"article","og_title":"Feuer und Stein installe chez vous votre sauna Tyl\u00f6 \u00e0 Luxembourg et \u00e0 Tr\u00e8ves","og_description":"L'achat d'un sauna pr\u00e9fabriqu\u00e9 est non seulement le moyen le plus simple et le plus rapide, mais c'est aussi la solution la plus intelligente et la plus s\u00fbre pour s'offrir un sauna, car notre fournisseur Tyl\u00f6 a des d\u00e9cennies d'exp\u00e9rience dans le d\u00e9veloppement de saunas.","og_url":"https:\/\/www.feuerundstein.com\/fr\/sauna\/","og_site_name":"Feuer und Stein S\u00e0rl","article_modified_time":"2018-06-21T07:53:03+00:00","twitter_card":"summary_large_image","twitter_misc":{"Dur\u00e9e de lecture estim\u00e9e":"2 minutes"},"schema":{"@context":"https:\/\/schema.org","@graph":[{"@type":"WebPage","@id":"https:\/\/www.feuerundstein.com\/fr\/sauna\/","url":"https:\/\/www.feuerundstein.com\/fr\/sauna\/","name":"Feuer und Stein installe chez vous votre sauna Tyl\u00f6 \u00e0 Luxembourg et \u00e0 Tr\u00e8ves","isPartOf":{"@id":"https:\/\/www.feuerundstein.com\/#website"},"datePublished":"2015-11-09T20:12:06+00:00","dateModified":"2018-06-21T07:53:03+00:00","description":"L'achat d'un sauna pr\u00e9fabriqu\u00e9 est non seulement le moyen le plus simple et le plus rapide, mais c'est aussi la solution la plus intelligente et la plus s\u00fbre pour s'offrir un sauna, car notre fournisseur Tyl\u00f6 a des d\u00e9cennies d'exp\u00e9rience dans le d\u00e9veloppement de saunas.","breadcrumb":{"@id":"https:\/\/www.feuerundstein.com\/fr\/sauna\/#breadcrumb"},"inLanguage":"fr-FR","potentialAction":[{"@type":"ReadAction","target":["https:\/\/www.feuerundstein.com\/fr\/sauna\/"]}]},{"@type":"BreadcrumbList","@id":"https:\/\/www.feuerundstein.com\/fr\/sauna\/#breadcrumb","itemListElement":[{"@type":"ListItem","position":1,"name":"Startseite","item":"https:\/\/www.feuerundstein.com\/fr\/"},{"@type":"ListItem","position":2,"name":"Sauna"}]},{"@type":"WebSite","@id":"https:\/\/www.feuerundstein.com\/#website","url":"https:\/\/www.feuerundstein.com\/","name":"Feuer und Stein S\u00e0rl","description":"Fireplace and Wood floor expert","potentialAction":[{"@type":"SearchAction","target":{"@type":"EntryPoint","urlTemplate":"https:\/\/www.feuerundstein.com\/?s={search_term_string}"},"query-input":{"@type":"PropertyValueSpecification","valueRequired":true,"valueName":"search_term_string"}}],"inLanguage":"fr-FR"}]}},"_links":{"self":[{"href":"https:\/\/www.feuerundstein.com\/fr\/wp-json\/wp\/v2\/pages\/3214","targetHints":{"allow":["GET"]}}],"collection":[{"href":"https:\/\/www.feuerundstein.com\/fr\/wp-json\/wp\/v2\/pages"}],"about":[{"href":"https:\/\/www.feuerundstein.com\/fr\/wp-json\/wp\/v2\/types\/page"}],"author":[{"embeddable":true,"href":"https:\/\/www.feuerundstein.com\/fr\/wp-json\/wp\/v2\/users\/1"}],"replies":[{"embeddable":true,"href":"https:\/\/www.feuerundstein.com\/fr\/wp-json\/wp\/v2\/comments?post=3214"}],"version-history":[{"count":3,"href":"https:\/\/www.feuerundstein.com\/fr\/wp-json\/wp\/v2\/pages\/3214\/revisions"}],"predecessor-version":[{"id":4342,"href":"https:\/\/www.feuerundstein.com\/fr\/wp-json\/wp\/v2\/pages\/3214\/revisions\/4342"}],"wp:attachment":[{"href":"https:\/\/www.feuerundstein.com\/fr\/wp-json\/wp\/v2\/media?parent=3214"}],"curies":[{"name":"wp","href":"https:\/\/api.w.org\/{rel}","templated":true}]}}