{"id":9413,"date":"2026-04-27T12:37:09","date_gmt":"2026-04-27T12:37:09","guid":{"rendered":"https:\/\/www.feuerundstein.com\/portfolio\/kamaein-fir-spaeicheren\/"},"modified":"2026-04-27T12:37:09","modified_gmt":"2026-04-27T12:37:09","slug":"kamaein-fir-spaeicheren","status":"publish","type":"portfolio","link":"https:\/\/www.feuerundstein.com\/lu\/portfolio\/kamaein-fir-spaeicheren\/","title":{"rendered":"Kam\u00e4in fir Sp\u00e4icheren"},"content":{"rendered":"<p>Sp\u00e4icheruewen:<\/p>\n<p>D\u00e9i nei Erausfuerderung fir Uewenhersteller: &#8220;W\u00e9i k\u00ebnne mir eng m\u00e9i h\u00e9ich Energieeffizienz mat dem klengst m\u00e9igleche Foussofdrock fir eis Uewen erreechen?&#8221;<\/p>\n<p>D\u00ebst Problem gouf ganz einfach gel\u00e9ist: schw\u00e9ier Sp\u00e4ichersteng.<\/p>\n<p>E Sp\u00e4icheruewen ass e Kam\u00e4in aus Keramik oder Natursteen. D&#8217;Energie oder d&#8217;H\u00ebtzt, d\u00e9i bei der Holzverbrennung fr\u00e4igesat g\u00ebtt, g\u00ebtt vum Keramiksp\u00e4icherk\u00e4r absorb\u00e9iert. Nodeems d&#8217;Holz verbrannt ass, g\u00ebtt d\u00ebse K\u00e4r, deen als W\u00e4rmetauscher handelt, d\u00e9i gesp\u00e4ichert Energie iwwer eng l\u00e4nger Z\u00e4it lues a lues als Stralungsw\u00e4rm an d&#8217;\u00cbmg\u00e9igend fr\u00e4igesat.<\/p>\n<p>Eng ganz clever L\u00e9isung k\u00ebnnt vun der Schw\u00e4izer Firma <a href=\"http:\/\/www.tonwerk-ag.com\/Produkte\">Tonwerk Lausen<\/a> &#8211; si bauen hir Uewen komplett als massiv Strukturen a behalen en einfachen a ganz modernen Design. Eng rot\u00e9ierend Basis erlaabt et, den Uewen sou ze position\u00e9ieren, datt d&#8217;Feier vu verschiddene S\u00ebtzpositioune gesi ka ginn.<\/p>\n<p>En anere Produzent vu Sp\u00e4icheruewen ass <a href=\"https:\/\/www.cera.de\/de\/home.html\">CERA DESIGN<\/a> &#8211; deem seng Uewen eng \u00f6kologesch, k\u00e4schtespuerend an effizient H\u00ebtztleistung garant\u00e9ieren.<\/p>\n<p>En anere Produzent vu Mauerwierkheizungen ass <a href=\"http:\/\/nordpeis.de\/Produkte\/Speicheroefen\">Nordpeis<\/a>. Dank hirem speziellen Design sp\u00e4icheren d\u00ebs Heizungen d&#8217;H\u00ebtzt m\u00e9i laang. Si notzen d&#8217;H\u00ebtzenergie maximal aus a strahlen weiderhin eng agreabel W\u00e4ermt aus, laang nodeems d&#8217;Feier ausgegaangen ass. D\u00ebst bedeit datt Dir Brennholz a m\u00e9i wirtschaftlech an \u00ebmweltfr\u00ebndlech spuert.<\/p>\n\n\t\t<style type=\"text\/css\">\n\t\t\t#gallery-1 {\n\t\t\t\tmargin: auto;\n\t\t\t}\n\t\t\t#gallery-1 .gallery-item {\n\t\t\t\tfloat: left;\n\t\t\t\tmargin-top: 10px;\n\t\t\t\ttext-align: center;\n\t\t\t\twidth: 14%;\n\t\t\t}\n\t\t\t#gallery-1 img {\n\t\t\t\tborder: 2px solid #cfcfcf;\n\t\t\t}\n\t\t\t#gallery-1 .gallery-caption {\n\t\t\t\tmargin-left: 0;\n\t\t\t}\n\t\t\t\/* see gallery_shortcode() in wp-includes\/media.php *\/\n\t\t<\/style>\n\t\t<div id='gallery-1' class='gallery galleryid-9413 gallery-columns-7 gallery-size-portfolio'><dl class='gallery-item'>\n\t\t\t<dt class='gallery-icon landscape'>\n\t\t\t\t<a href='https:\/\/www.feuerundstein.com\/wp-content\/uploads\/2018\/07\/TONWERK.jpg'><img loading=\"lazy\" decoding=\"async\" width=\"495\" height=\"400\" src=\"https:\/\/www.feuerundstein.com\/wp-content\/uploads\/2018\/07\/TONWERK-495x400.jpg\" class=\"attachment-portfolio size-portfolio\" alt=\"\" aria-describedby=\"gallery-1-7844\" srcset=\"https:\/\/www.feuerundstein.com\/wp-content\/uploads\/2018\/07\/TONWERK-495x400.jpg 495w, https:\/\/www.feuerundstein.com\/wp-content\/uploads\/2018\/07\/TONWERK-300x243.jpg 300w, https:\/\/www.feuerundstein.com\/wp-content\/uploads\/2018\/07\/TONWERK.jpg 600w, https:\/\/www.feuerundstein.com\/wp-content\/uploads\/2018\/07\/TONWERK-450x365.jpg 450w\" sizes=\"auto, (max-width: 495px) 100vw, 495px\" \/><\/a>\n\t\t\t<\/dt>\n\t\t\t\t<dd class='wp-caption-text gallery-caption' id='gallery-1-7844'>\n\t\t\t\tTonwerk &#8211; T-Sky eco2\n\t\t\t\t<\/dd><\/dl><dl class='gallery-item'>\n\t\t\t<dt class='gallery-icon landscape'>\n\t\t\t\t<a href='https:\/\/www.feuerundstein.com\/wp-content\/uploads\/2015\/11\/NORDPEIS.jpg'><img loading=\"lazy\" decoding=\"async\" width=\"495\" height=\"400\" src=\"https:\/\/www.feuerundstein.com\/wp-content\/uploads\/2015\/11\/NORDPEIS-495x400.jpg\" class=\"attachment-portfolio size-portfolio\" alt=\"\" aria-describedby=\"gallery-1-9410\" \/><\/a>\n\t\t\t<\/dt>\n\t\t\t\t<dd class='wp-caption-text gallery-caption' id='gallery-1-9410'>\n\t\t\t\tNordpeis &#8211; Havanna mit Holzfach\n\t\t\t\t<\/dd><\/dl><dl class='gallery-item'>\n\t\t\t<dt class='gallery-icon landscape'>\n\t\t\t\t<a href='https:\/\/www.feuerundstein.com\/wp-content\/uploads\/2015\/11\/NORDPEIS_BOX_WITHE.jpg'><img loading=\"lazy\" decoding=\"async\" width=\"495\" height=\"400\" src=\"https:\/\/www.feuerundstein.com\/wp-content\/uploads\/2015\/11\/NORDPEIS_BOX_WITHE-495x400.jpg\" class=\"attachment-portfolio size-portfolio\" alt=\"\" aria-describedby=\"gallery-1-8973\" \/><\/a>\n\t\t\t<\/dt>\n\t\t\t\t<dd class='wp-caption-text gallery-caption' id='gallery-1-8973'>\n\t\t\t\tNordpeis &#8211; Box withe \n\t\t\t\t<\/dd><\/dl><dl class='gallery-item'>\n\t\t\t<dt class='gallery-icon landscape'>\n\t\t\t\t<a href='https:\/\/www.feuerundstein.com\/wp-content\/uploads\/2015\/11\/NORDPEIS-PRAHA.jpg'><img loading=\"lazy\" decoding=\"async\" width=\"495\" height=\"400\" src=\"https:\/\/www.feuerundstein.com\/wp-content\/uploads\/2015\/11\/NORDPEIS-PRAHA-495x400.jpg\" class=\"attachment-portfolio size-portfolio\" alt=\"\" aria-describedby=\"gallery-1-9411\" srcset=\"https:\/\/www.feuerundstein.com\/wp-content\/uploads\/2015\/11\/NORDPEIS-PRAHA-495x400.jpg 495w, https:\/\/www.feuerundstein.com\/wp-content\/uploads\/2015\/11\/NORDPEIS-PRAHA-845x684.jpg 845w\" sizes=\"auto, (max-width: 495px) 100vw, 495px\" \/><\/a>\n\t\t\t<\/dt>\n\t\t\t\t<dd class='wp-caption-text gallery-caption' id='gallery-1-9411'>\n\t\t\t\tNordpeis &#8211; Praha\n\t\t\t\t<\/dd><\/dl><dl class='gallery-item'>\n\t\t\t<dt class='gallery-icon landscape'>\n\t\t\t\t<a href='https:\/\/www.feuerundstein.com\/wp-content\/uploads\/2015\/11\/TONWERK-T-ART.jpg'><img loading=\"lazy\" decoding=\"async\" width=\"495\" height=\"400\" src=\"https:\/\/www.feuerundstein.com\/wp-content\/uploads\/2015\/11\/TONWERK-T-ART-495x400.jpg\" class=\"attachment-portfolio size-portfolio\" alt=\"\" aria-describedby=\"gallery-1-8949\" srcset=\"https:\/\/www.feuerundstein.com\/wp-content\/uploads\/2015\/11\/TONWERK-T-ART-495x400.jpg 495w, https:\/\/www.feuerundstein.com\/wp-content\/uploads\/2015\/11\/TONWERK-T-ART-845x684.jpg 845w\" sizes=\"auto, (max-width: 495px) 100vw, 495px\" \/><\/a>\n\t\t\t<\/dt>\n\t\t\t\t<dd class='wp-caption-text gallery-caption' id='gallery-1-8949'>\n\t\t\t\tTonwerk &#8211; T-Art eco2\n\t\t\t\t<\/dd><\/dl><dl class='gallery-item'>\n\t\t\t<dt class='gallery-icon landscape'>\n\t\t\t\t<a href='https:\/\/www.feuerundstein.com\/wp-content\/uploads\/2015\/11\/TONWERK-T-EYE.jpg'><img loading=\"lazy\" decoding=\"async\" width=\"495\" height=\"400\" src=\"https:\/\/www.feuerundstein.com\/wp-content\/uploads\/2015\/11\/TONWERK-T-EYE-495x400.jpg\" class=\"attachment-portfolio size-portfolio\" alt=\"\" aria-describedby=\"gallery-1-9412\" srcset=\"https:\/\/www.feuerundstein.com\/wp-content\/uploads\/2015\/11\/TONWERK-T-EYE-495x400.jpg 495w, https:\/\/www.feuerundstein.com\/wp-content\/uploads\/2015\/11\/TONWERK-T-EYE-845x684.jpg 845w\" sizes=\"auto, (max-width: 495px) 100vw, 495px\" \/><\/a>\n\t\t\t<\/dt>\n\t\t\t\t<dd class='wp-caption-text gallery-caption' id='gallery-1-9412'>\n\t\t\t\tTonwerk &#8211; T-Eye\n\t\t\t\t<\/dd><\/dl><dl class='gallery-item'>\n\t\t\t<dt class='gallery-icon landscape'>\n\t\t\t\t<a href='https:\/\/www.feuerundstein.com\/wp-content\/uploads\/2015\/11\/TONWERK-T-Neo.jpg'><img loading=\"lazy\" decoding=\"async\" width=\"495\" height=\"400\" src=\"https:\/\/www.feuerundstein.com\/wp-content\/uploads\/2015\/11\/TONWERK-T-Neo-495x400.jpg\" class=\"attachment-portfolio size-portfolio\" alt=\"\" aria-describedby=\"gallery-1-8950\" srcset=\"https:\/\/www.feuerundstein.com\/wp-content\/uploads\/2015\/11\/TONWERK-T-Neo-495x400.jpg 495w, https:\/\/www.feuerundstein.com\/wp-content\/uploads\/2015\/11\/TONWERK-T-Neo-845x684.jpg 845w\" sizes=\"auto, (max-width: 495px) 100vw, 495px\" \/><\/a>\n\t\t\t<\/dt>\n\t\t\t\t<dd class='wp-caption-text gallery-caption' id='gallery-1-8950'>\n\t\t\t\tTonwerk &#8211; T-Neo eco2\n\t\t\t\t<\/dd><\/dl><br style=\"clear: both\" \/>\n\t\t<\/div>\n\n","protected":false},"excerpt":{"rendered":"<p>Sp\u00e4icheruewen: D\u00e9i nei Erausfuerderung fir Uewenhersteller: &#8220;W\u00e9i k\u00ebnne mir eng m\u00e9i h\u00e9ich Energieeffizienz mat dem klengst m\u00e9igleche Foussofdrock fir eis Uewen erreechen?&#8221; D\u00ebst Problem gouf ganz einfach gel\u00e9ist: schw\u00e9ier Sp\u00e4ichersteng. E Sp\u00e4icheruewen ass e Kam\u00e4in aus Keramik oder Natursteen. D&#8217;Energie oder d&#8217;H\u00ebtzt, d\u00e9i bei der Holzverbrennung fr\u00e4igesat g\u00ebtt, g\u00ebtt vum Keramiksp\u00e4icherk\u00e4r absorb\u00e9iert. Nodeems d&#8217;Holz verbrannt [&hellip;]<\/p>\n","protected":false},"author":1,"featured_media":9409,"comment_status":"closed","ping_status":"closed","template":"","meta":{"footnotes":""},"tags":[],"portfolio_entries":[197,223],"class_list":["post-9413","portfolio","type-portfolio","status-publish","has-post-thumbnail","hentry","portfolio_entries-kamaeiner-uewen","portfolio_entries-spaeicher-kamaein"],"yoast_head":"<!-- This site is optimized with the Yoast SEO plugin v27.4 - https:\/\/yoast.com\/product\/yoast-seo-wordpress\/ -->\n<title>Kam\u00e4in fir Sp\u00e4icheren - Feuer und Stein S\u00e0rl Luxembourg<\/title>\n<meta name=\"robots\" content=\"index, follow, max-snippet:-1, max-image-preview:large, max-video-preview:-1\" \/>\n<link rel=\"canonical\" href=\"https:\/\/www.feuerundstein.com\/portfolio\/speicher-kaminofen\/\" \/>\n<meta property=\"og:locale\" content=\"en_US\" \/>\n<meta property=\"og:type\" content=\"article\" \/>\n<meta property=\"og:title\" content=\"Kam\u00e4in fir Sp\u00e4icheren - Feuer und Stein S\u00e0rl Luxembourg\" \/>\n<meta property=\"og:description\" content=\"Sp\u00e4icheruewen: D\u00e9i nei Erausfuerderung fir Uewenhersteller: &#8220;W\u00e9i k\u00ebnne mir eng m\u00e9i h\u00e9ich Energieeffizienz mat dem klengst m\u00e9igleche Foussofdrock fir eis Uewen erreechen?&#8221; D\u00ebst Problem gouf ganz einfach gel\u00e9ist: schw\u00e9ier Sp\u00e4ichersteng. E Sp\u00e4icheruewen ass e Kam\u00e4in aus Keramik oder Natursteen. D&#8217;Energie oder d&#8217;H\u00ebtzt, d\u00e9i bei der Holzverbrennung fr\u00e4igesat g\u00ebtt, g\u00ebtt vum Keramiksp\u00e4icherk\u00e4r absorb\u00e9iert. Nodeems d&#8217;Holz verbrannt [&hellip;]\" \/>\n<meta property=\"og:url\" content=\"https:\/\/www.feuerundstein.com\/portfolio\/speicher-kaminofen\/\" \/>\n<meta property=\"og:site_name\" content=\"Feuer und Stein S\u00e0rl Luxembourg\" \/>\n<meta property=\"og:image\" content=\"https:\/\/www.feuerundstein.com\/wp-content\/uploads\/2015\/11\/T-SKY_946x386.jpg\" \/>\n\t<meta property=\"og:image:width\" content=\"946\" \/>\n\t<meta property=\"og:image:height\" content=\"386\" \/>\n\t<meta property=\"og:image:type\" content=\"image\/jpeg\" \/>\n<meta name=\"twitter:card\" content=\"summary_large_image\" \/>\n<meta name=\"twitter:label1\" content=\"Est. reading time\" \/>\n\t<meta name=\"twitter:data1\" content=\"1 minute\" \/>\n<script type=\"application\/ld+json\" class=\"yoast-schema-graph\">{\"@context\":\"https:\\\/\\\/schema.org\",\"@graph\":[{\"@type\":\"WebPage\",\"@id\":\"https:\\\/\\\/www.feuerundstein.com\\\/portfolio\\\/speicher-kaminofen\\\/\",\"url\":\"https:\\\/\\\/www.feuerundstein.com\\\/portfolio\\\/speicher-kaminofen\\\/\",\"name\":\"Kam\u00e4in fir Sp\u00e4icheren - Feuer und Stein S\u00e0rl Luxembourg\",\"isPartOf\":{\"@id\":\"https:\\\/\\\/www.feuerundstein.com\\\/#website\"},\"primaryImageOfPage\":{\"@id\":\"https:\\\/\\\/www.feuerundstein.com\\\/portfolio\\\/speicher-kaminofen\\\/#primaryimage\"},\"image\":{\"@id\":\"https:\\\/\\\/www.feuerundstein.com\\\/portfolio\\\/speicher-kaminofen\\\/#primaryimage\"},\"thumbnailUrl\":\"https:\\\/\\\/www.feuerundstein.com\\\/wp-content\\\/uploads\\\/2015\\\/11\\\/T-SKY_946x386.jpg\",\"datePublished\":\"2026-04-27T12:37:09+00:00\",\"breadcrumb\":{\"@id\":\"https:\\\/\\\/www.feuerundstein.com\\\/portfolio\\\/speicher-kaminofen\\\/#breadcrumb\"},\"inLanguage\":\"lu-LU\",\"potentialAction\":[{\"@type\":\"ReadAction\",\"target\":[\"https:\\\/\\\/www.feuerundstein.com\\\/portfolio\\\/speicher-kaminofen\\\/\"]}]},{\"@type\":\"ImageObject\",\"inLanguage\":\"lu-LU\",\"@id\":\"https:\\\/\\\/www.feuerundstein.com\\\/portfolio\\\/speicher-kaminofen\\\/#primaryimage\",\"url\":\"https:\\\/\\\/www.feuerundstein.com\\\/wp-content\\\/uploads\\\/2015\\\/11\\\/T-SKY_946x386.jpg\",\"contentUrl\":\"https:\\\/\\\/www.feuerundstein.com\\\/wp-content\\\/uploads\\\/2015\\\/11\\\/T-SKY_946x386.jpg\",\"width\":946,\"height\":386},{\"@type\":\"BreadcrumbList\",\"@id\":\"https:\\\/\\\/www.feuerundstein.com\\\/portfolio\\\/speicher-kaminofen\\\/#breadcrumb\",\"itemListElement\":[{\"@type\":\"ListItem\",\"position\":1,\"name\":\"Startseite\",\"item\":\"https:\\\/\\\/www.feuerundstein.com\\\/lu\\\/\"},{\"@type\":\"ListItem\",\"position\":2,\"name\":\"Kam\u00e4in fir Sp\u00e4icheren\"}]},{\"@type\":\"WebSite\",\"@id\":\"https:\\\/\\\/www.feuerundstein.com\\\/#website\",\"url\":\"https:\\\/\\\/www.feuerundstein.com\\\/\",\"name\":\"Feuer und Stein S\u00e0rl Luxembourg\",\"description\":\"Fireplace and Wood floor expert\",\"potentialAction\":[{\"@type\":\"SearchAction\",\"target\":{\"@type\":\"EntryPoint\",\"urlTemplate\":\"https:\\\/\\\/www.feuerundstein.com\\\/?s={search_term_string}\"},\"query-input\":{\"@type\":\"PropertyValueSpecification\",\"valueRequired\":true,\"valueName\":\"search_term_string\"}}],\"inLanguage\":\"lu-LU\"}]}<\/script>\n<!-- \/ Yoast SEO plugin. -->","yoast_head_json":{"title":"Kam\u00e4in fir Sp\u00e4icheren - Feuer und Stein S\u00e0rl Luxembourg","robots":{"index":"index","follow":"follow","max-snippet":"max-snippet:-1","max-image-preview":"max-image-preview:large","max-video-preview":"max-video-preview:-1"},"canonical":"https:\/\/www.feuerundstein.com\/portfolio\/speicher-kaminofen\/","og_locale":"en_US","og_type":"article","og_title":"Kam\u00e4in fir Sp\u00e4icheren - Feuer und Stein S\u00e0rl Luxembourg","og_description":"Sp\u00e4icheruewen: D\u00e9i nei Erausfuerderung fir Uewenhersteller: &#8220;W\u00e9i k\u00ebnne mir eng m\u00e9i h\u00e9ich Energieeffizienz mat dem klengst m\u00e9igleche Foussofdrock fir eis Uewen erreechen?&#8221; D\u00ebst Problem gouf ganz einfach gel\u00e9ist: schw\u00e9ier Sp\u00e4ichersteng. E Sp\u00e4icheruewen ass e Kam\u00e4in aus Keramik oder Natursteen. D&#8217;Energie oder d&#8217;H\u00ebtzt, d\u00e9i bei der Holzverbrennung fr\u00e4igesat g\u00ebtt, g\u00ebtt vum Keramiksp\u00e4icherk\u00e4r absorb\u00e9iert. Nodeems d&#8217;Holz verbrannt [&hellip;]","og_url":"https:\/\/www.feuerundstein.com\/portfolio\/speicher-kaminofen\/","og_site_name":"Feuer und Stein S\u00e0rl Luxembourg","og_image":[{"width":946,"height":386,"url":"https:\/\/www.feuerundstein.com\/wp-content\/uploads\/2015\/11\/T-SKY_946x386.jpg","type":"image\/jpeg"}],"twitter_card":"summary_large_image","twitter_misc":{"Est. reading time":"1 minute"},"schema":{"@context":"https:\/\/schema.org","@graph":[{"@type":"WebPage","@id":"https:\/\/www.feuerundstein.com\/portfolio\/speicher-kaminofen\/","url":"https:\/\/www.feuerundstein.com\/portfolio\/speicher-kaminofen\/","name":"Kam\u00e4in fir Sp\u00e4icheren - Feuer und Stein S\u00e0rl Luxembourg","isPartOf":{"@id":"https:\/\/www.feuerundstein.com\/#website"},"primaryImageOfPage":{"@id":"https:\/\/www.feuerundstein.com\/portfolio\/speicher-kaminofen\/#primaryimage"},"image":{"@id":"https:\/\/www.feuerundstein.com\/portfolio\/speicher-kaminofen\/#primaryimage"},"thumbnailUrl":"https:\/\/www.feuerundstein.com\/wp-content\/uploads\/2015\/11\/T-SKY_946x386.jpg","datePublished":"2026-04-27T12:37:09+00:00","breadcrumb":{"@id":"https:\/\/www.feuerundstein.com\/portfolio\/speicher-kaminofen\/#breadcrumb"},"inLanguage":"lu-LU","potentialAction":[{"@type":"ReadAction","target":["https:\/\/www.feuerundstein.com\/portfolio\/speicher-kaminofen\/"]}]},{"@type":"ImageObject","inLanguage":"lu-LU","@id":"https:\/\/www.feuerundstein.com\/portfolio\/speicher-kaminofen\/#primaryimage","url":"https:\/\/www.feuerundstein.com\/wp-content\/uploads\/2015\/11\/T-SKY_946x386.jpg","contentUrl":"https:\/\/www.feuerundstein.com\/wp-content\/uploads\/2015\/11\/T-SKY_946x386.jpg","width":946,"height":386},{"@type":"BreadcrumbList","@id":"https:\/\/www.feuerundstein.com\/portfolio\/speicher-kaminofen\/#breadcrumb","itemListElement":[{"@type":"ListItem","position":1,"name":"Startseite","item":"https:\/\/www.feuerundstein.com\/lu\/"},{"@type":"ListItem","position":2,"name":"Kam\u00e4in fir Sp\u00e4icheren"}]},{"@type":"WebSite","@id":"https:\/\/www.feuerundstein.com\/#website","url":"https:\/\/www.feuerundstein.com\/","name":"Feuer und Stein S\u00e0rl Luxembourg","description":"Fireplace and Wood floor expert","potentialAction":[{"@type":"SearchAction","target":{"@type":"EntryPoint","urlTemplate":"https:\/\/www.feuerundstein.com\/?s={search_term_string}"},"query-input":{"@type":"PropertyValueSpecification","valueRequired":true,"valueName":"search_term_string"}}],"inLanguage":"lu-LU"}]}},"_links":{"self":[{"href":"https:\/\/www.feuerundstein.com\/lu\/wp-json\/wp\/v2\/portfolio\/9413","targetHints":{"allow":["GET"]}}],"collection":[{"href":"https:\/\/www.feuerundstein.com\/lu\/wp-json\/wp\/v2\/portfolio"}],"about":[{"href":"https:\/\/www.feuerundstein.com\/lu\/wp-json\/wp\/v2\/types\/portfolio"}],"author":[{"embeddable":true,"href":"https:\/\/www.feuerundstein.com\/lu\/wp-json\/wp\/v2\/users\/1"}],"replies":[{"embeddable":true,"href":"https:\/\/www.feuerundstein.com\/lu\/wp-json\/wp\/v2\/comments?post=9413"}],"version-history":[{"count":0,"href":"https:\/\/www.feuerundstein.com\/lu\/wp-json\/wp\/v2\/portfolio\/9413\/revisions"}],"wp:featuredmedia":[{"embeddable":true,"href":"https:\/\/www.feuerundstein.com\/lu\/wp-json\/wp\/v2\/media\/9409"}],"wp:attachment":[{"href":"https:\/\/www.feuerundstein.com\/lu\/wp-json\/wp\/v2\/media?parent=9413"}],"wp:term":[{"taxonomy":"post_tag","embeddable":true,"href":"https:\/\/www.feuerundstein.com\/lu\/wp-json\/wp\/v2\/tags?post=9413"},{"taxonomy":"portfolio_entries","embeddable":true,"href":"https:\/\/www.feuerundstein.com\/lu\/wp-json\/wp\/v2\/portfolio_entries?post=9413"}],"curies":[{"name":"wp","href":"https:\/\/api.w.org\/{rel}","templated":true}]}}