{"id":9436,"date":"2026-04-27T12:41:46","date_gmt":"2026-04-27T12:41:46","guid":{"rendered":"https:\/\/www.feuerundstein.com\/portfolio\/erneierbar-energie\/"},"modified":"2026-04-27T12:41:47","modified_gmt":"2026-04-27T12:41:47","slug":"erneierbar-energie","status":"publish","type":"portfolio","link":"https:\/\/www.feuerundstein.com\/lu\/portfolio\/erneierbar-energie\/","title":{"rendered":"Erneierbar Energie"},"content":{"rendered":"\n<style type=\"text\/css\" data-created_by=\"avia_inline_auto\" id=\"style-css-av-5evndu-0c724901e77658a89e4cd6af4795bb20\">\n.flex_column.av-5evndu-0c724901e77658a89e4cd6af4795bb20{\nborder-radius:0px 0px 0px 0px;\npadding:0px 0px 0px 0px;\n}\n<\/style>\n<div  class='flex_column av-5evndu-0c724901e77658a89e4cd6af4795bb20 av_one_half  avia-builder-el-0  el_before_av_one_half  avia-builder-el-first  first flex_column_div av-zero-column-padding  '     ><style type=\"text\/css\" data-created_by=\"avia_inline_auto\" id=\"style-css-av-jikk659y-9b809b91e8d4fb364d645abe4716d851\">\n.avia-image-container.av-jikk659y-9b809b91e8d4fb364d645abe4716d851 img.avia_image{\nbox-shadow:none;\n}\n.avia-image-container.av-jikk659y-9b809b91e8d4fb364d645abe4716d851 .av-image-caption-overlay-center{\ncolor:#ffffff;\n}\n<\/style>\n<div  class='avia-image-container av-jikk659y-9b809b91e8d4fb364d645abe4716d851 av-styling-no-styling av-hover-grow av-img-linked avia-align-center  avia-builder-el-1  avia-builder-el-no-sibling '   itemprop=\"image\" itemscope=\"itemscope\" itemtype=\"https:\/\/schema.org\/ImageObject\" ><div class=\"avia-image-container-inner\"><div class=\"avia-image-overlay-wrap\"><a href=\"https:\/\/www.feuerundstein.com\/wp-content\/uploads\/2015\/11\/erneuerbare-energien_gluehlampen.jpg\" data-srcset=\"https:\/\/www.feuerundstein.com\/wp-content\/uploads\/2015\/11\/erneuerbare-energien_gluehlampen.jpg 960w, https:\/\/www.feuerundstein.com\/wp-content\/uploads\/2015\/11\/erneuerbare-energien_gluehlampen-300x135.jpg 300w, https:\/\/www.feuerundstein.com\/wp-content\/uploads\/2015\/11\/erneuerbare-energien_gluehlampen-768x346.jpg 768w\" data-sizes=\"(max-width: 960px) 100vw, 960px\" class='avia_image '  aria-label='erneuerbare-energien_gluehlampen'><img decoding=\"async\" fetchpriority=\"high\" class='wp-image-9435 avia-img-lazy-loading-not-9435 avia_image ' src=\"https:\/\/www.feuerundstein.com\/wp-content\/uploads\/2015\/11\/erneuerbare-energien_gluehlampen.jpg\" alt='' title='erneuerbare-energien_gluehlampen'  height=\"432\" width=\"960\"  itemprop=\"thumbnailUrl\" srcset=\"https:\/\/www.feuerundstein.com\/wp-content\/uploads\/2015\/11\/erneuerbare-energien_gluehlampen.jpg 960w, https:\/\/www.feuerundstein.com\/wp-content\/uploads\/2015\/11\/erneuerbare-energien_gluehlampen-300x135.jpg 300w, https:\/\/www.feuerundstein.com\/wp-content\/uploads\/2015\/11\/erneuerbare-energien_gluehlampen-768x346.jpg 768w\" sizes=\"(max-width: 960px) 100vw, 960px\" \/><\/a><\/div><\/div><\/div><\/div>\n<style type=\"text\/css\" data-created_by=\"avia_inline_auto\" id=\"style-css-av-4rrloi-9bc953561bd387802f6fddb66917042a\">\n.flex_column.av-4rrloi-9bc953561bd387802f6fddb66917042a{\nborder-radius:0px 0px 0px 0px;\npadding:0px 0px 0px 0px;\n}\n<\/style>\n<div  class='flex_column av-4rrloi-9bc953561bd387802f6fddb66917042a av_one_half  avia-builder-el-2  el_after_av_one_half  avia-builder-el-last  flex_column_div av-zero-column-padding  '     ><section  class='av_textblock_section av-2m5bjm-0431ad7f925aad983798a63f95978a25 '   itemscope=\"itemscope\" itemtype=\"https:\/\/schema.org\/CreativeWork\" ><div class='avia_textblock'  itemprop=\"text\" ><p><strong>Erneierbar Energien<\/strong><\/p>\n<p>Heizung mat erneierbaren Energien: Holzuewen, Pelletuewen, etc. Et ass eng super Alternativ zu Ueleg a Gas. En Holzuewen steet ganz uewen op der Wonschl\u00ebscht vun de modernen Haushalter.<\/p>\n<p>Erneierbar Energien&#8230;denkt haut un muer!<\/p>\n<p>Den Undeel vun erneierbaren Energien kl\u00ebmmt st\u00e4nneg. Optimis\u00e9iert \u00c4ren Energieverbrauch mat \u00f6kologeschem Bewosstsinn a Ber\u00fccksichtegung vun der \u00cbmwelt fir existent fossil Brennstoffressourcen ze schounen. Energieeffizienz an erneierbar Energien h\u00ebllefen de Verbrauch vun net erneierbaren Energien ze reduz\u00e9ieren.<\/p>\n<p>Besicht eis a l\u00e9iert iwwer waasserf\u00e9ierend Uewen, Raumloftofh\u00e4ngeg Designen mat an ouni H\u00ebtztsp\u00e4icherung, besonnesch fir Energiespuer- oder Passivhaiser, souw\u00e9i waasserf\u00e9ierend Kam\u00e4inas\u00e4tz mat bis zu 70% waassers\u00e4iteger Leeschtung. Inform\u00e9iert Iech iwwer den \u00cbnnerscheed t\u00ebscht engem Flachkollektor an engem R\u00e9ierkollektor fir d&#8217;Heizung vum Hauswaasser\/Heiz\u00ebnnerst\u00ebtzung.<\/p>\n<p>Mat d\u00ebsem System erg\u00e4nzt den Hausbes\u00ebtzer s\u00e4in eegent Heizsystem. Hie benotzt d\u00e9i voll Kraaft vun der Natur fir seng Heizk\u00e4schten ze minimis\u00e9ieren. D\u00ebst kann direkt iwwer Solarpanneauen um Daach, mat engem Holzuewen am Wunnz\u00ebmmer oder duerch eng Kombinatioun vu b\u00e9ide erreecht ginn.<\/p>\n<p>Egal ob Neibau, Renovatioun oder Modernis\u00e9ierung, mir hunn dat richtegt Heizwaassersystem fir jiddereen.<\/p>\n<p>Als zertifiz\u00e9iert Passivhausspezialisten kre\u00e9iere mir e komplett Energiekonzept fir den Hausbes\u00ebtzer, mat Fokus op erneierbar Energien, dor\u00ebnner eis waasserf\u00e9ierend Kam\u00e4iner\/Uewen mat Puffersp\u00e4icherung a Solarthermie-Anlagen.<\/p>\n<p>D\u00ebst garant\u00e9iert, datt Dir fir d&#8217;Zukunft \u00f6kologesch, wirtschaftlech a sozial nohalteg sidd.<\/p>\n<\/div><\/section><\/div><\/p>\n","protected":false},"excerpt":{"rendered":"","protected":false},"author":1,"featured_media":9435,"comment_status":"closed","ping_status":"closed","template":"","meta":{"footnotes":""},"tags":[],"portfolio_entries":[197],"class_list":["post-9436","portfolio","type-portfolio","status-publish","has-post-thumbnail","hentry","portfolio_entries-kamaeiner-uewen"],"yoast_head":"<!-- This site is optimized with the Yoast SEO plugin v27.4 - https:\/\/yoast.com\/product\/yoast-seo-wordpress\/ -->\n<title>Erneierbar Energie - Feuer und Stein S\u00e0rl Luxembourg<\/title>\n<meta name=\"robots\" content=\"index, follow, max-snippet:-1, max-image-preview:large, max-video-preview:-1\" \/>\n<link rel=\"canonical\" href=\"https:\/\/www.feuerundstein.com\/lu\/portfolio\/erneierbar-energie\/\" \/>\n<meta property=\"og:locale\" content=\"en_US\" \/>\n<meta property=\"og:type\" content=\"article\" \/>\n<meta property=\"og:title\" content=\"Erneierbar Energie - Feuer und Stein S\u00e0rl Luxembourg\" \/>\n<meta property=\"og:url\" content=\"https:\/\/www.feuerundstein.com\/lu\/portfolio\/erneierbar-energie\/\" \/>\n<meta property=\"og:site_name\" content=\"Feuer und Stein S\u00e0rl Luxembourg\" \/>\n<meta property=\"article:modified_time\" content=\"2026-04-27T12:41:47+00:00\" \/>\n<meta property=\"og:image\" content=\"https:\/\/www.feuerundstein.com\/wp-content\/uploads\/2015\/11\/erneuerbare-energien_gluehlampen.jpg\" \/>\n\t<meta property=\"og:image:width\" content=\"960\" \/>\n\t<meta property=\"og:image:height\" content=\"432\" \/>\n\t<meta property=\"og:image:type\" content=\"image\/jpeg\" \/>\n<meta name=\"twitter:card\" content=\"summary_large_image\" \/>\n<meta name=\"twitter:label1\" content=\"Est. reading time\" \/>\n\t<meta name=\"twitter:data1\" content=\"2 minutes\" \/>\n<script type=\"application\/ld+json\" class=\"yoast-schema-graph\">{\"@context\":\"https:\\\/\\\/schema.org\",\"@graph\":[{\"@type\":\"WebPage\",\"@id\":\"https:\\\/\\\/www.feuerundstein.com\\\/lu\\\/portfolio\\\/erneierbar-energie\\\/\",\"url\":\"https:\\\/\\\/www.feuerundstein.com\\\/lu\\\/portfolio\\\/erneierbar-energie\\\/\",\"name\":\"Erneierbar Energie - Feuer und Stein S\u00e0rl Luxembourg\",\"isPartOf\":{\"@id\":\"https:\\\/\\\/www.feuerundstein.com\\\/#website\"},\"primaryImageOfPage\":{\"@id\":\"https:\\\/\\\/www.feuerundstein.com\\\/lu\\\/portfolio\\\/erneierbar-energie\\\/#primaryimage\"},\"image\":{\"@id\":\"https:\\\/\\\/www.feuerundstein.com\\\/lu\\\/portfolio\\\/erneierbar-energie\\\/#primaryimage\"},\"thumbnailUrl\":\"https:\\\/\\\/www.feuerundstein.com\\\/wp-content\\\/uploads\\\/2015\\\/11\\\/erneuerbare-energien_gluehlampen.jpg\",\"datePublished\":\"2026-04-27T12:41:46+00:00\",\"dateModified\":\"2026-04-27T12:41:47+00:00\",\"breadcrumb\":{\"@id\":\"https:\\\/\\\/www.feuerundstein.com\\\/lu\\\/portfolio\\\/erneierbar-energie\\\/#breadcrumb\"},\"inLanguage\":\"lu-LU\",\"potentialAction\":[{\"@type\":\"ReadAction\",\"target\":[\"https:\\\/\\\/www.feuerundstein.com\\\/lu\\\/portfolio\\\/erneierbar-energie\\\/\"]}]},{\"@type\":\"ImageObject\",\"inLanguage\":\"lu-LU\",\"@id\":\"https:\\\/\\\/www.feuerundstein.com\\\/lu\\\/portfolio\\\/erneierbar-energie\\\/#primaryimage\",\"url\":\"https:\\\/\\\/www.feuerundstein.com\\\/wp-content\\\/uploads\\\/2015\\\/11\\\/erneuerbare-energien_gluehlampen.jpg\",\"contentUrl\":\"https:\\\/\\\/www.feuerundstein.com\\\/wp-content\\\/uploads\\\/2015\\\/11\\\/erneuerbare-energien_gluehlampen.jpg\",\"width\":960,\"height\":432},{\"@type\":\"BreadcrumbList\",\"@id\":\"https:\\\/\\\/www.feuerundstein.com\\\/lu\\\/portfolio\\\/erneierbar-energie\\\/#breadcrumb\",\"itemListElement\":[{\"@type\":\"ListItem\",\"position\":1,\"name\":\"Startseite\",\"item\":\"https:\\\/\\\/www.feuerundstein.com\\\/lu\\\/\"},{\"@type\":\"ListItem\",\"position\":2,\"name\":\"Erneierbar Energie\"}]},{\"@type\":\"WebSite\",\"@id\":\"https:\\\/\\\/www.feuerundstein.com\\\/#website\",\"url\":\"https:\\\/\\\/www.feuerundstein.com\\\/\",\"name\":\"Feuer und Stein S\u00e0rl Luxembourg\",\"description\":\"Fireplace and Wood floor expert\",\"potentialAction\":[{\"@type\":\"SearchAction\",\"target\":{\"@type\":\"EntryPoint\",\"urlTemplate\":\"https:\\\/\\\/www.feuerundstein.com\\\/?s={search_term_string}\"},\"query-input\":{\"@type\":\"PropertyValueSpecification\",\"valueRequired\":true,\"valueName\":\"search_term_string\"}}],\"inLanguage\":\"lu-LU\"}]}<\/script>\n<!-- \/ Yoast SEO plugin. -->","yoast_head_json":{"title":"Erneierbar Energie - Feuer und Stein S\u00e0rl Luxembourg","robots":{"index":"index","follow":"follow","max-snippet":"max-snippet:-1","max-image-preview":"max-image-preview:large","max-video-preview":"max-video-preview:-1"},"canonical":"https:\/\/www.feuerundstein.com\/lu\/portfolio\/erneierbar-energie\/","og_locale":"en_US","og_type":"article","og_title":"Erneierbar Energie - Feuer und Stein S\u00e0rl Luxembourg","og_url":"https:\/\/www.feuerundstein.com\/lu\/portfolio\/erneierbar-energie\/","og_site_name":"Feuer und Stein S\u00e0rl Luxembourg","article_modified_time":"2026-04-27T12:41:47+00:00","og_image":[{"width":960,"height":432,"url":"https:\/\/www.feuerundstein.com\/wp-content\/uploads\/2015\/11\/erneuerbare-energien_gluehlampen.jpg","type":"image\/jpeg"}],"twitter_card":"summary_large_image","twitter_misc":{"Est. reading time":"2 minutes"},"schema":{"@context":"https:\/\/schema.org","@graph":[{"@type":"WebPage","@id":"https:\/\/www.feuerundstein.com\/lu\/portfolio\/erneierbar-energie\/","url":"https:\/\/www.feuerundstein.com\/lu\/portfolio\/erneierbar-energie\/","name":"Erneierbar Energie - Feuer und Stein S\u00e0rl Luxembourg","isPartOf":{"@id":"https:\/\/www.feuerundstein.com\/#website"},"primaryImageOfPage":{"@id":"https:\/\/www.feuerundstein.com\/lu\/portfolio\/erneierbar-energie\/#primaryimage"},"image":{"@id":"https:\/\/www.feuerundstein.com\/lu\/portfolio\/erneierbar-energie\/#primaryimage"},"thumbnailUrl":"https:\/\/www.feuerundstein.com\/wp-content\/uploads\/2015\/11\/erneuerbare-energien_gluehlampen.jpg","datePublished":"2026-04-27T12:41:46+00:00","dateModified":"2026-04-27T12:41:47+00:00","breadcrumb":{"@id":"https:\/\/www.feuerundstein.com\/lu\/portfolio\/erneierbar-energie\/#breadcrumb"},"inLanguage":"lu-LU","potentialAction":[{"@type":"ReadAction","target":["https:\/\/www.feuerundstein.com\/lu\/portfolio\/erneierbar-energie\/"]}]},{"@type":"ImageObject","inLanguage":"lu-LU","@id":"https:\/\/www.feuerundstein.com\/lu\/portfolio\/erneierbar-energie\/#primaryimage","url":"https:\/\/www.feuerundstein.com\/wp-content\/uploads\/2015\/11\/erneuerbare-energien_gluehlampen.jpg","contentUrl":"https:\/\/www.feuerundstein.com\/wp-content\/uploads\/2015\/11\/erneuerbare-energien_gluehlampen.jpg","width":960,"height":432},{"@type":"BreadcrumbList","@id":"https:\/\/www.feuerundstein.com\/lu\/portfolio\/erneierbar-energie\/#breadcrumb","itemListElement":[{"@type":"ListItem","position":1,"name":"Startseite","item":"https:\/\/www.feuerundstein.com\/lu\/"},{"@type":"ListItem","position":2,"name":"Erneierbar Energie"}]},{"@type":"WebSite","@id":"https:\/\/www.feuerundstein.com\/#website","url":"https:\/\/www.feuerundstein.com\/","name":"Feuer und Stein S\u00e0rl Luxembourg","description":"Fireplace and Wood floor expert","potentialAction":[{"@type":"SearchAction","target":{"@type":"EntryPoint","urlTemplate":"https:\/\/www.feuerundstein.com\/?s={search_term_string}"},"query-input":{"@type":"PropertyValueSpecification","valueRequired":true,"valueName":"search_term_string"}}],"inLanguage":"lu-LU"}]}},"_links":{"self":[{"href":"https:\/\/www.feuerundstein.com\/lu\/wp-json\/wp\/v2\/portfolio\/9436","targetHints":{"allow":["GET"]}}],"collection":[{"href":"https:\/\/www.feuerundstein.com\/lu\/wp-json\/wp\/v2\/portfolio"}],"about":[{"href":"https:\/\/www.feuerundstein.com\/lu\/wp-json\/wp\/v2\/types\/portfolio"}],"author":[{"embeddable":true,"href":"https:\/\/www.feuerundstein.com\/lu\/wp-json\/wp\/v2\/users\/1"}],"replies":[{"embeddable":true,"href":"https:\/\/www.feuerundstein.com\/lu\/wp-json\/wp\/v2\/comments?post=9436"}],"version-history":[{"count":3,"href":"https:\/\/www.feuerundstein.com\/lu\/wp-json\/wp\/v2\/portfolio\/9436\/revisions"}],"predecessor-version":[{"id":9440,"href":"https:\/\/www.feuerundstein.com\/lu\/wp-json\/wp\/v2\/portfolio\/9436\/revisions\/9440"}],"wp:featuredmedia":[{"embeddable":true,"href":"https:\/\/www.feuerundstein.com\/lu\/wp-json\/wp\/v2\/media\/9435"}],"wp:attachment":[{"href":"https:\/\/www.feuerundstein.com\/lu\/wp-json\/wp\/v2\/media?parent=9436"}],"wp:term":[{"taxonomy":"post_tag","embeddable":true,"href":"https:\/\/www.feuerundstein.com\/lu\/wp-json\/wp\/v2\/tags?post=9436"},{"taxonomy":"portfolio_entries","embeddable":true,"href":"https:\/\/www.feuerundstein.com\/lu\/wp-json\/wp\/v2\/portfolio_entries?post=9436"}],"curies":[{"name":"wp","href":"https:\/\/api.w.org\/{rel}","templated":true}]}}